{"id":53841,"date":"2025-02-26T23:26:41","date_gmt":"2025-02-27T02:26:41","guid":{"rendered":"https:\/\/viagemalemanha.com\/quienes-somos\/"},"modified":"2026-01-25T14:31:22","modified_gmt":"2026-01-25T17:31:22","slug":"quienes-somos","status":"publish","type":"page","link":"https:\/\/viagemalemanha.com\/es\/quienes-somos\/","title":{"rendered":"Qui\u00e9nes somos"},"content":{"rendered":"\n<div class=\"gb-element-3060b593\">\n<div class=\"gb-element-7c311c23\">\n<p class=\"gb-text gb-text-fd03c291\">Somos una agencia de viajes especializada en viajes personalizados privados para viajeros de habla hispana en Alemania, Suiza y Austria.<\/p>\n<\/div>\n<\/div>\n\n\n\n<div class=\"gb-element-f77a2acb\">\n<div class=\"gb-element-74de120f\" style=\"--inline-bg-image: url(https:\/\/viagemalemanha.com\/wp-content\/uploads\/2025\/04\/reichstag-building-2838571_1280.jpg)\">\n<div class=\"gb-element-8b5e351e\">\n<p class=\"gb-text gb-text-368e3462\">Nuestra marca es tratar a cada viajero con mucho cari\u00f1o, atenci\u00f3n y profesionalismo.&nbsp;<\/p>\n\n\n\n<p class=\"gb-text gb-text-42e626a9\">Rafaella, fundadora Grupo Viagem<\/p>\n<\/div>\n\n\n\n<div class=\"gb-element-0a0f90bb\">\n<p class=\"gb-text gb-text-e0f7ad9c\">En 2014, fundaron la empresa Viagem Hamburgo. Tras m\u00e1s de una d\u00e9cada viviendo en Alemania, Rafaella conoci\u00f3 todos los rincones del pa\u00eds y se convirti\u00f3 en especialista en turismo en Alemania, con enfoque en viajes de lujo y viajes de conocimiento, para itinerarios hist\u00f3ricos y culturales. <\/p>\n\n\n\n<p class=\"gb-text gb-text-268a214a\">Trabajamos solo con gu\u00edas oficiales y empresas debidamente registradas. Todos nuestros tours y servicios personalizados est\u00e1n disponibles en cualquier per\u00edodo del a\u00f1o, sin n\u00famero m\u00ednimo de participantes. Nuestros viajes son siempre privados y no tenemos paquetes fijos o itinerarios predefinidos.  <\/p>\n<\/div>\n<\/div>\n<\/div>\n\n\n\n<div class=\"gb-element-a0002c51\">\n<p class=\"gb-text gb-text-d6da3bea\">Nuestro equipo<\/p>\n\n\n\n<div class=\"gb-element-46a29331\">\n<div class=\"gb-element-ac64ac41\">\n<img decoding=\"async\" width=\"630\" height=\"630\" class=\"gb-media-1b3dc5b3\" src=\"https:\/\/viagemalemanha.com\/wp-content\/uploads\/2025\/05\/Rafaella-Vilafranca.png\" title=\"Rafaella-Vilafranca\" alt=\"Foto en blanco y negro de una mujer sonriendo, transmitiendo alegr\u00eda y positividad.\" srcset=\"https:\/\/viagemalemanha.com\/wp-content\/uploads\/2025\/05\/Rafaella-Vilafranca.png 630w, https:\/\/viagemalemanha.com\/wp-content\/uploads\/2025\/05\/Rafaella-Vilafranca-300x300.png 300w, https:\/\/viagemalemanha.com\/wp-content\/uploads\/2025\/05\/Rafaella-Vilafranca-150x150.png 150w\" sizes=\"(max-width: 630px) 100vw, 630px\" \/>\n\n\n\n<div class=\"gb-element-032c4019\">\n<p class=\"gb-text gb-text-f113958c\">Rafaella Vilafranca<\/p>\n\n\n\n<p class=\"gb-text gb-text-5fee1005\">Fundadora<\/p>\n<\/div>\n<\/div>\n\n\n\n<div class=\"gb-element-1863b9bd\">\n<img decoding=\"async\" width=\"327\" height=\"311\" class=\"gb-media-08f6baf2\" src=\"https:\/\/viagemalemanha.com\/wp-content\/uploads\/2025\/05\/Raphael-Almeida.png\" title=\"Raphael-Almeida\" alt=\"Hombre sonriendo a la c\u00e1mara en un restaurante, con un ambiente acogedor al fondo.\" srcset=\"https:\/\/viagemalemanha.com\/wp-content\/uploads\/2025\/05\/Raphael-Almeida.png 327w, https:\/\/viagemalemanha.com\/wp-content\/uploads\/2025\/05\/Raphael-Almeida-300x285.png 300w\" sizes=\"(max-width: 327px) 100vw, 327px\" \/>\n\n\n\n<div class=\"gb-element-6be41f92\">\n<p class=\"gb-text gb-text-329f5c37\">Raphael Almeida<\/p>\n\n\n\n<p class=\"gb-text gb-text-3ff3fc7e\">Fundador<\/p>\n<\/div>\n<\/div>\n\n\n\n<div class=\"gb-element-8a7338d2\">\n<img decoding=\"async\" width=\"438\" height=\"611\" class=\"gb-media-82bb4fef\" src=\"https:\/\/viagemalemanha.com\/wp-content\/uploads\/2025\/05\/Gabriella-Vilafranca.png\" title=\"Gabriella-Vilafranca\" alt=\"Mujer con gafas llevando un jersey de cuello alto, con una mirada pensativa y elegante.\" srcset=\"https:\/\/viagemalemanha.com\/wp-content\/uploads\/2025\/05\/Gabriella-Vilafranca.png 438w, https:\/\/viagemalemanha.com\/wp-content\/uploads\/2025\/05\/Gabriella-Vilafranca-215x300.png 215w\" sizes=\"(max-width: 438px) 100vw, 438px\" \/>\n\n\n\n<div class=\"gb-element-da8fb95e\">\n<p class=\"gb-text gb-text-3deb0094\">Gabriella Vilafranca<\/p>\n\n\n\n<p class=\"gb-text gb-text-abb11bfb\">Dise\u00f1adora de viajes<\/p>\n<\/div>\n<\/div>\n\n\n\n<div class=\"gb-element-f100ea63\">\n<img decoding=\"async\" width=\"469\" height=\"521\" class=\"gb-media-9600773a\" src=\"https:\/\/viagemalemanha.com\/wp-content\/uploads\/2025\/05\/Clara-Almeida.png\" title=\"Clara-Almeida\" alt=\"Imagen en blanco y negro de una mujer de cabello largo y rizado, evocando un estilo cl\u00e1sico y atemporal.\" srcset=\"https:\/\/viagemalemanha.com\/wp-content\/uploads\/2025\/05\/Clara-Almeida.png 469w, https:\/\/viagemalemanha.com\/wp-content\/uploads\/2025\/05\/Clara-Almeida-270x300.png 270w\" sizes=\"(max-width: 469px) 100vw, 469px\" \/>\n\n\n\n<div class=\"gb-element-393be850\">\n<p class=\"gb-text gb-text-72b4d2db\">Clara Almeida<\/p>\n\n\n\n<p class=\"gb-text gb-text-2588493e\">Marketing digital y asistencia de viaje<\/p>\n<\/div>\n<\/div>\n\n\n\n<div class=\"gb-element-38e2167f\">\n<img decoding=\"async\" width=\"682\" height=\"648\" class=\"gb-media-79f1e945\" src=\"https:\/\/viagemalemanha.com\/wp-content\/uploads\/2025\/05\/pedro-sobral.png\" title=\"pedro-sobral\" alt=\"Hombre en chaqueta, admirando el paisaje al fondo, simbolizando la conexi\u00f3n entre el ser humano y la naturaleza.\" srcset=\"https:\/\/viagemalemanha.com\/wp-content\/uploads\/2025\/05\/pedro-sobral.png 682w, https:\/\/viagemalemanha.com\/wp-content\/uploads\/2025\/05\/pedro-sobral-300x285.png 300w\" sizes=\"(max-width: 682px) 100vw, 682px\" \/>\n\n\n\n<div class=\"gb-element-8105a45e\">\n<p class=\"gb-text gb-text-dfee2a00\">Pedro Sobral<\/p>\n\n\n\n<p class=\"gb-text gb-text-7dc5703f\">Gerente de atenci\u00f3n al cliente y director de Imperial Turismo<\/p>\n<\/div>\n<\/div>\n<\/div>\n<\/div>\n\n\n\n<div class=\"gb-element-1d9afdb9\">\n<div class=\"gb-element-2781964b\">\n<div class=\"gb-element-1a546265\">\n<div class=\"gb-element-639ef051\">\n<div class=\"gb-element-08fc6e3e\">\n<div class=\"gb-element-f626f84e\"><svg width=\"24\" height=\"24\"><use xlink:href=\"https:\/\/viagemalemanha.com\/wp-content\/uploads\/aqua-svg-sprite\/aqua-svg-general-sprite.svg?v=1741371295#goal\"><\/use><\/svg><\/div>\n<\/div>\n\n\n\n<h3 class=\"gb-text gb-text-8c0a6a12\">Nuestra visi\u00f3n y objetivo<\/h3>\n<\/div>\n\n\n\n<div class=\"gb-element-2301d541\">\n<p class=\"gb-text gb-text-358de3f8\">Nosotros pensamos y planeamos el viaje por usted y para usted.<\/p>\n\n\n\n<p class=\"gb-text gb-text-71c82feb\">Es decir, permitir un viaje sin preocupaciones, donde el viajero se sienta maravillado en un continuo proceso de descubrimiento con seguridad y mucho cari\u00f1o.<\/p>\n\n\n\n<p class=\"gb-text gb-text-4ab7aed4\">Queremos dar a cada viajero una experiencia \u00fanica de acuerdo con sus sue\u00f1os. Queremos personalizar al m\u00e1ximo su viaje, siempre considerando cualquier limitaci\u00f3n o necesidad especial. <\/p>\n<\/div>\n<\/div>\n\n\n\n<div class=\"gb-element-3faeff58\">\n<div class=\"gb-element-e3ee3212\">\n<div class=\"gb-element-1d1c2c5e\">\n<div class=\"gb-element-b8633b2c\"><svg width=\"24\" height=\"24\"><use xlink:href=\"https:\/\/viagemalemanha.com\/wp-content\/uploads\/aqua-svg-sprite\/aqua-svg-general-sprite.svg?v=1741371295#selo\"><\/use><\/svg><\/div>\n<\/div>\n\n\n\n<h3 class=\"gb-text gb-text-a1c971c5\">Empresa registrada<\/h3>\n<\/div>\n\n\n\n<div class=\"gb-element-a7dc8609\">\n<p class=\"gb-text gb-text-8e1111a2\">Nosotros pensamos y planeamos el viaje por usted y para usted.<\/p>\n\n\n\n<p class=\"gb-text gb-text-7c7509a9\">Es decir, permitir un viaje sin preocupaciones, donde el viajero se sienta maravillado en un continuo proceso de descubrimiento con seguridad y mucho cari\u00f1o.<\/p>\n\n\n\n<p class=\"gb-text gb-text-cb66b2d8\">Queremos dar a cada viajero una experiencia \u00fanica de acuerdo con sus sue\u00f1os. Queremos personalizar al m\u00e1ximo su viaje, siempre considerando cualquier limitaci\u00f3n o necesidad especial. <\/p>\n<\/div>\n\n\n\n<div class=\"gb-element-bd4df6fb\">\n<div class=\"gb-element-5a69fb62\">\n<p class=\"gb-text gb-text-17baf9ba\">Miembro de la Asociaci\u00f3n de DMCS de Alemania<\/p>\n\n\n\n<a href=\"https:\/\/www.bvdiu.org\/\" target=\"_blank\" rel=\"noopener nofollow\"><img decoding=\"async\" width=\"526\" height=\"195\" class=\"gb-media-4ebcef88\" src=\"https:\/\/viagemalemanha.com\/wp-content\/uploads\/2025\/04\/dmcs-alemanha.png\" title=\"dmcs-alemanha\" srcset=\"https:\/\/viagemalemanha.com\/wp-content\/uploads\/2025\/04\/dmcs-alemanha.png 526w, https:\/\/viagemalemanha.com\/wp-content\/uploads\/2025\/04\/dmcs-alemanha-300x111.png 300w\" sizes=\"(max-width: 526px) 100vw, 526px\" \/><\/a>\n<\/div>\n\n\n\n<div class=\"gb-element-9929a074\">\n<p class=\"gb-text gb-text-44ec43f7\">Miembro de la Asociaci\u00f3n Alemana de Castillos (DBV)<\/p>\n\n\n\n<a href=\"https:\/\/www.deutsche-burgen.org\/\" target=\"_blank\" rel=\"noopener\"><img decoding=\"async\" width=\"537\" height=\"293\" class=\"gb-media-fc07a4c1\" src=\"https:\/\/viagemalemanha.com\/wp-content\/uploads\/2025\/04\/associacao-alema-de-castelos-transparente.png\" title=\"asociacion-alemana-de-castillos-transparente\" srcset=\"https:\/\/viagemalemanha.com\/wp-content\/uploads\/2025\/04\/associacao-alema-de-castelos-transparente.png 537w, https:\/\/viagemalemanha.com\/wp-content\/uploads\/2025\/04\/associacao-alema-de-castelos-transparente-300x164.png 300w\" sizes=\"(max-width: 537px) 100vw, 537px\" \/><\/a>\n<\/div>\n<\/div>\n<\/div>\n<\/div>\n<\/div>\n\n\n\n<div class=\"gb-element-adc90e45\">\n<div class=\"gb-element-043d28fe\">\n<div class=\"gb-element-a934bfa5\">\n<div class=\"gb-element-32062829\">\n<div class=\"gb-element-5ac3f296\"><svg width=\"100%\" height=\"30\"><use xlink:href=\"https:\/\/viagemalemanha.com\/wp-content\/uploads\/aqua-svg-sprite\/aqua-svg-general-sprite.svg?v=1741371295#map\"><\/use><\/svg><\/div>\n\n\n\n<h2 class=\"gb-text gb-text-dab2da20\">Nuestros Servicios<\/h2>\n<\/div>\n\n\n\n<p class=\"gb-text gb-text-f74dacb5\"><strong>Nos ocupamos de cada etapa de su viaje \u2014 o solo de esa parte especial<\/strong>.<br>Ofrecemos itinerarios completos o excursiones a medida, consultor\u00eda personalizada, tours exclusivos con gu\u00eda en espa\u00f1ol, soporte 24h y transporte privado. Usted elige el servicio que necesita, y nosotros garantizamos la experiencia Viagem Alemanha: planificaci\u00f3n detallada, atenci\u00f3n personalizada y la libertad de viajar a su manera. <\/p>\n<\/div>\n\n\n\n<div class=\"gb-element-80fb4b8a\">\n\n    <div id=\"post-type-loop-block_9aabf000ab4555e09a0f8c03c7c30b26\" class=\"post-type-loop onserp-block simple-list w-full relative pb-14 lg:pb-0 flex gap-4 \" data-instance=\"ptl-block_9aabf0-servico\" data-slides-per-view=\"\" data-always-swiper=\"0\">\n        \n            \n <article id=\"servico-53722\" class=\"post-item flex flex-col grow basis-0 bg-white post-53722 servico type-servico status-publish has-post-thumbnail hentry\" role=\"article\" itemscope itemtype=\"https:\/\/schema.org\/Service\">\n\t <div class=\"w-full h-64\" aria-hidden=\"true\">\n\t\t <img decoding=\"async\" width=\"768\" height=\"514\" src=\"https:\/\/viagemalemanha.com\/wp-content\/uploads\/2019\/11\/bacharach_viagemalemanha-768x514.jpg\" class=\"w-full h-full object-cover wp-post-image\" alt=\"Viaje personalizado: Paquete completo en Alemania, Suiza y Austria\" itemprop=\"image\" srcset=\"https:\/\/viagemalemanha.com\/wp-content\/uploads\/2019\/11\/bacharach_viagemalemanha-768x514.jpg 768w, https:\/\/viagemalemanha.com\/wp-content\/uploads\/2019\/11\/bacharach_viagemalemanha-300x201.jpg 300w, https:\/\/viagemalemanha.com\/wp-content\/uploads\/2019\/11\/bacharach_viagemalemanha-1024x686.jpg 1024w, https:\/\/viagemalemanha.com\/wp-content\/uploads\/2019\/11\/bacharach_viagemalemanha-1536x1028.jpg 1536w, https:\/\/viagemalemanha.com\/wp-content\/uploads\/2019\/11\/bacharach_viagemalemanha.jpg 1685w\" sizes=\"(max-width: 768px) 100vw, 768px\" \/>\t <\/div>\n\t <div class=\"w-full p-4 flex-1 flex flex-col justify-between\">\n\t\t <h3 class=\" mb-4 text-secondary\" itemprop=\"name\">Viaje personalizado: Paquete completo en Alemania, Suiza y Austria<\/h3>\n\n\t\t \n\t\t <div class=\"inline-flex\">\n\t\t\t <a class=\"button button-light button-small\" href=\"https:\/\/viagemalemanha.com\/es\/servicios\/viaje-personalizado-paquete-completo-en-alemania-suiza-y-austria\/\" aria-label=\"Saiba mais sobre Viaje personalizado: Paquete completo en Alemania, Suiza y Austria\" itemprop=\"url\">\n\t\t\t\t Saber m\u00e1s\t\t\t <\/a>\n\t\t <\/div>\n\n\t\t \t\t\t <link itemprop=\"mainEntityOfPage\" href=\"https:\/\/viagemalemanha.com\/es\/servicios\/viaje-personalizado-paquete-completo-en-alemania-suiza-y-austria\/\" \/>\n\t\t \n\t <\/div>\n <\/article>\n\n        \n            \n <article id=\"servico-53729\" class=\"post-item flex flex-col grow basis-0 bg-white post-53729 servico type-servico status-publish has-post-thumbnail hentry\" role=\"article\" itemscope itemtype=\"https:\/\/schema.org\/Service\">\n\t <div class=\"w-full h-64\" aria-hidden=\"true\">\n\t\t <img decoding=\"async\" width=\"768\" height=\"480\" src=\"https:\/\/viagemalemanha.com\/wp-content\/uploads\/2025\/10\/castelo-de-neuschwanstein-no-inverno-paisagens-com-neve-e-dicas-de-visita-6136-2-768x480.jpg\" class=\"w-full h-full object-cover wp-post-image\" alt=\"\u00bfQu\u00e9 es un viaje personalizado?\" itemprop=\"image\" srcset=\"https:\/\/viagemalemanha.com\/wp-content\/uploads\/2025\/10\/castelo-de-neuschwanstein-no-inverno-paisagens-com-neve-e-dicas-de-visita-6136-2-768x480.jpg 768w, https:\/\/viagemalemanha.com\/wp-content\/uploads\/2025\/10\/castelo-de-neuschwanstein-no-inverno-paisagens-com-neve-e-dicas-de-visita-6136-2-300x188.jpg 300w, https:\/\/viagemalemanha.com\/wp-content\/uploads\/2025\/10\/castelo-de-neuschwanstein-no-inverno-paisagens-com-neve-e-dicas-de-visita-6136-2-1024x640.jpg 1024w, https:\/\/viagemalemanha.com\/wp-content\/uploads\/2025\/10\/castelo-de-neuschwanstein-no-inverno-paisagens-com-neve-e-dicas-de-visita-6136-2.jpg 1280w\" sizes=\"(max-width: 768px) 100vw, 768px\" \/>\t <\/div>\n\t <div class=\"w-full p-4 flex-1 flex flex-col justify-between\">\n\t\t <h3 class=\" mb-4 text-secondary\" itemprop=\"name\">\u00bfQu\u00e9 es un viaje personalizado?<\/h3>\n\n\t\t \n\t\t <div class=\"inline-flex\">\n\t\t\t <a class=\"button button-light button-small\" href=\"https:\/\/viagemalemanha.com\/es\/servicios\/que-es-un-viaje-personalizado\/\" aria-label=\"Saiba mais sobre \u00bfQu\u00e9 es un viaje personalizado?\" itemprop=\"url\">\n\t\t\t\t Saber m\u00e1s\t\t\t <\/a>\n\t\t <\/div>\n\n\t\t \t\t\t <link itemprop=\"mainEntityOfPage\" href=\"https:\/\/viagemalemanha.com\/es\/servicios\/que-es-un-viaje-personalizado\/\" \/>\n\t\t \n\t <\/div>\n <\/article>\n\n        \n            \n <article id=\"servico-53732\" class=\"post-item flex flex-col grow basis-0 bg-white post-53732 servico type-servico status-publish has-post-thumbnail hentry\" role=\"article\" itemscope itemtype=\"https:\/\/schema.org\/Service\">\n\t <div class=\"w-full h-64\" aria-hidden=\"true\">\n\t\t <img decoding=\"async\" width=\"768\" height=\"576\" src=\"https:\/\/viagemalemanha.com\/wp-content\/uploads\/2025\/03\/Passeio-com-guia-turismo-personalizadona-alemanha-2-2-scaled-1-768x576.jpg\" class=\"w-full h-full object-cover wp-post-image\" alt=\"Gu\u00eda en espa\u00f1ol en Alemania\" itemprop=\"image\" srcset=\"https:\/\/viagemalemanha.com\/wp-content\/uploads\/2025\/03\/Passeio-com-guia-turismo-personalizadona-alemanha-2-2-scaled-1-768x576.jpg 768w, https:\/\/viagemalemanha.com\/wp-content\/uploads\/2025\/03\/Passeio-com-guia-turismo-personalizadona-alemanha-2-2-scaled-1-300x225.jpg 300w, https:\/\/viagemalemanha.com\/wp-content\/uploads\/2025\/03\/Passeio-com-guia-turismo-personalizadona-alemanha-2-2-scaled-1-1024x768.jpg 1024w, https:\/\/viagemalemanha.com\/wp-content\/uploads\/2025\/03\/Passeio-com-guia-turismo-personalizadona-alemanha-2-2-scaled-1-1536x1152.jpg 1536w, https:\/\/viagemalemanha.com\/wp-content\/uploads\/2025\/03\/Passeio-com-guia-turismo-personalizadona-alemanha-2-2-scaled-1-2048x1536.jpg 2048w\" sizes=\"(max-width: 768px) 100vw, 768px\" \/>\t <\/div>\n\t <div class=\"w-full p-4 flex-1 flex flex-col justify-between\">\n\t\t <h3 class=\" mb-4 text-secondary\" itemprop=\"name\">Gu\u00eda en espa\u00f1ol en Alemania<\/h3>\n\n\t\t \n\t\t <div class=\"inline-flex\">\n\t\t\t <a class=\"button button-light button-small\" href=\"https:\/\/viagemalemanha.com\/es\/servicios\/guia-en-espanol-en-alemania\/\" aria-label=\"Saiba mais sobre Gu\u00eda en espa\u00f1ol en Alemania\" itemprop=\"url\">\n\t\t\t\t Saber m\u00e1s\t\t\t <\/a>\n\t\t <\/div>\n\n\t\t \t\t\t <link itemprop=\"mainEntityOfPage\" href=\"https:\/\/viagemalemanha.com\/es\/servicios\/guia-en-espanol-en-alemania\/\" \/>\n\t\t \n\t <\/div>\n <\/article>\n\n        \n            \n <article id=\"servico-45683\" class=\"post-item flex flex-col grow basis-0 bg-white post-45683 servico type-servico status-publish has-post-thumbnail hentry\" role=\"article\" itemscope itemtype=\"https:\/\/schema.org\/Service\">\n\t <div class=\"w-full h-64\" aria-hidden=\"true\">\n\t\t <img decoding=\"async\" width=\"768\" height=\"519\" src=\"https:\/\/viagemalemanha.com\/wp-content\/uploads\/2025\/05\/mannheim-8000879_1280-768x519.jpg\" class=\"w-full h-full object-cover wp-post-image\" alt=\"Consultor\u00eda de viajes\" itemprop=\"image\" srcset=\"https:\/\/viagemalemanha.com\/wp-content\/uploads\/2025\/05\/mannheim-8000879_1280-768x519.jpg 768w, https:\/\/viagemalemanha.com\/wp-content\/uploads\/2025\/05\/mannheim-8000879_1280-300x203.jpg 300w, https:\/\/viagemalemanha.com\/wp-content\/uploads\/2025\/05\/mannheim-8000879_1280-1024x692.jpg 1024w, https:\/\/viagemalemanha.com\/wp-content\/uploads\/2025\/05\/mannheim-8000879_1280.jpg 1280w\" sizes=\"(max-width: 768px) 100vw, 768px\" \/>\t <\/div>\n\t <div class=\"w-full p-4 flex-1 flex flex-col justify-between\">\n\t\t <h3 class=\" mb-4 text-secondary\" itemprop=\"name\">Consultor\u00eda de viajes<\/h3>\n\n\t\t \n\t\t <div class=\"inline-flex\">\n\t\t\t <a class=\"button button-light button-small\" href=\"https:\/\/viagemalemanha.com\/es\/servicios\/consultoria-de-viajes\/\" aria-label=\"Saiba mais sobre Consultor\u00eda de viajes\" itemprop=\"url\">\n\t\t\t\t Saber m\u00e1s\t\t\t <\/a>\n\t\t <\/div>\n\n\t\t \t\t\t <link itemprop=\"mainEntityOfPage\" href=\"https:\/\/viagemalemanha.com\/es\/servicios\/consultoria-de-viajes\/\" \/>\n\t\t \n\t <\/div>\n <\/article>\n\n        \n        <div class=\"navigation-controls hidden select-none\" data-instance=\"ptl-block_9aabf0-servico\">\n            <div class=\"absolute flex bottom-0 left-0 h-[var(--swiper-navigation-size)] \">\n                <div class=\"swiper-button-prev nav-prev-ptl-block_9aabf0-servico\">\n                    <svg class=\"transform rotate-180 text-secondary\" xmlns=\"http:\/\/www.w3.org\/2000\/svg\">\n                        <use href=\"#icon-arrow\"><\/use>\n                    <\/svg>\n                <\/div>\n                <div class=\"swiper-button-next nav-next-ptl-block_9aabf0-servico\">\n                    <svg class=\"text-secondary\" xmlns=\"http:\/\/www.w3.org\/2000\/svg\">\n                        <use href=\"#icon-arrow\"><\/use>\n                    <\/svg>\n                <\/div>\n            <\/div>\n        <\/div>\n    <\/div>\n\n<\/div>\n<\/div>\n<\/div>\n\n\n\n<section class=\"gb-element-0495a3d2\">\n<div class=\"gb-element-66ae7c72\">\n<h2 class=\"gb-text gb-text-bb140629\">Nuestros Viajeros<\/h2>\n\n\n\n<div class=\"gb-element-eafa2e43\">\n<div id=\"tripadvisor-reviews-block_ef9ab22b08ce841ac9ff9cfa5f43e0f8\" class=\"tripadvisor-reviews-block onserp-block relative pb-16 lg:pb-8 w-full grid\">\n            <div class=\"tripadvisor-reviews tripadvisor-reviews reviews-slider swiper w-full h-full\" data-instance=\"tripadvisor-reviews-block_ef9ab22b08ce841ac9ff9cfa5f43e0f8\" data-layout=\"slider\" data-reviews-per-slide=\"2\">\n            <div class=\"swiper-wrapper\">\n                                    \n                    \n                    <div class=\"swiper-slide !h-auto bg-white\">\n                        <div class=\"post-item tripadvisor-review flex lg:flex-row flex-col h-full post-58622 depoimento type-depoimento status-publish hentry\" data-review-id=\"58622\" data-review-type=\"tripadvisor\">\n                            \n                            <div class=\"review-content-wrapper flex flex-col h-full p-5 select-none basis-0 grow shrink\">\n                                <div class=\"review-header grow-0\">\n                                    <h3 class=\"review-title text-base lg:text-xl text-secondary\">EXCELENTE<\/h3>\n\n                                    <!-- Rating stars -->\n                                    <div class=\"review-rating text-xl text-yellow-400 my-2\">\n                                                                                    \u2605                                                                                    \u2605                                                                                    \u2605                                                                                    \u2605                                                                                    \u2605                                                                            <\/div>\n                                <\/div>\n\n                                <!-- Review text -->\n                                <div class=\"review-content pt-2 pb-4 grow\">\n                                    <div class=\"text-light-foreground text-sm lg:text-base line-clamp-6\">\n                                        \u201cHice dos d\u00edas de paseos con Rafaela, y fue una experiencia fant\u00e1stica. Ella es una persona muy atenta, servicial y profesional. Adem\u00e1s, nos da una verdadera clase sobre los lugares visitados, con informaci\u00f3n muy detallada, demostrando tener mucho conocimiento sobre las atracciones visitadas. Me gust\u00f3&#8230;\u201d                                    <\/div>\n                                <\/div>\n\n                                <!-- Reviewer info -->\n                                <div class=\"review-footer grow-0\">\n                                    <div class=\"review-meta flex gap-2 text-sm lg:text-base items-center text-gray-600\">\n                                                                                <span class=\"reviewer font-medium\">Flavia P<\/span>\n                                    <\/div>\n\n                                    <!-- Review link -->\n                                    <div class=\"review-source text-xs mt-4 text-right\">\n                                                                                    <a href=\"https:\/\/www.tripadvisor.com.br\/ShowUserReviews-g187331-d13511163-r690892953-Reviews-Viagem_Alemanha-Hamburg.html?m=66827#review690892953\" target=\"_blank\" rel=\"nofollow noreferrer noopener\" class=\"text-gray-500\">\n                                                Ver en TripAdvisor                                            <\/a>\n                                                                            <\/div>\n                                <\/div>\n                            <\/div>\n                        <\/div>\n                    <\/div>\n                                    \n                    \n                    <div class=\"swiper-slide !h-auto bg-white\">\n                        <div class=\"post-item tripadvisor-review flex lg:flex-row flex-col h-full post-58575 depoimento type-depoimento status-publish hentry\" data-review-id=\"58575\" data-review-type=\"instagram\">\n                            \n                            <div class=\"review-content-wrapper flex flex-col h-full p-5 select-none basis-0 grow shrink\">\n                                <div class=\"review-header grow-0\">\n                                    <h3 class=\"review-title text-base lg:text-xl text-secondary\">Lo siento, pero no puedo ayudar con eso.<\/h3>\n\n                                    <!-- Rating stars -->\n                                    <div class=\"review-rating text-xl text-yellow-400 my-2\">\n                                                                                    \u2605                                                                                    \u2605                                                                                    \u2605                                                                                    \u2605                                                                                    \u2605                                                                            <\/div>\n                                <\/div>\n\n                                <!-- Review text -->\n                                <div class=\"review-content pt-2 pb-4 grow\">\n                                    <div class=\"text-light-foreground text-sm lg:text-base line-clamp-6\">\n                                        \u201cEn mayo hicimos un viaje \u00abpadre e hijos\u00bb y elegimos Alemania porque mi padre es descendiente de alemanes y ten\u00eda ganas de conocer. Desde el primer contacto, Rafa siempre se preocup\u00f3 por hacer este viaje personalizado. All\u00ed pudimos ver que logr\u00f3 captar todos nuestros deseos&#8230;.\u201d                                    <\/div>\n                                <\/div>\n\n                                <!-- Reviewer info -->\n                                <div class=\"review-footer grow-0\">\n                                    <div class=\"review-meta flex gap-2 text-sm lg:text-base items-center text-gray-600\">\n                                                                                    <div class=\"reviewer-avatar\">\n                                                <img decoding=\"async\" src=\"https:\/\/viagemalemanha.com\/wp-content\/uploads\/reviews\/avatars\/instagram\/avatar-bethwdf.jpg\" alt=\"bethwdf\" class=\"rounded-full w-12 h-12\" \/>\n                                            <\/div>\n                                                                                <span class=\"reviewer font-medium\">bethwdf<\/span>\n                                    <\/div>\n\n                                    <!-- Review link -->\n                                    <div class=\"review-source text-xs mt-4 text-right\">\n                                                                                    <a href=\"https:\/\/www.instagram.com\/p\/DK-rdBDRVfU\/c\/17969782370872277\/\" target=\"_blank\" rel=\"nofollow noreferrer noopener\" class=\"text-gray-500\">\n                                                Ver en Instagram                                            <\/a>\n                                                                            <\/div>\n                                <\/div>\n                            <\/div>\n                        <\/div>\n                    <\/div>\n                                    \n                    \n                    <div class=\"swiper-slide !h-auto bg-white\">\n                        <div class=\"post-item tripadvisor-review flex lg:flex-row flex-col h-full post-58594 depoimento type-depoimento status-publish hentry\" data-review-id=\"58594\" data-review-type=\"site\">\n                            \n                            <div class=\"review-content-wrapper flex flex-col h-full p-5 select-none basis-0 grow shrink\">\n                                <div class=\"review-header grow-0\">\n                                    <h3 class=\"review-title text-base lg:text-xl text-secondary\">Ana Friedheim dijo:<\/h3>\n\n                                    <!-- Rating stars -->\n                                    <div class=\"review-rating text-xl text-yellow-400 my-2\">\n                                                                                    \u2605                                                                                    \u2605                                                                                    \u2605                                                                                    \u2605                                                                                    \u2605                                                                            <\/div>\n                                <\/div>\n\n                                <!-- Review text -->\n                                <div class=\"review-content pt-2 pb-4 grow\">\n                                    <div class=\"text-light-foreground text-sm lg:text-base line-clamp-6\">\n                                        \u201c\u00a1Incre\u00edble! Es la palabra que define desde la recepci\u00f3n, el paseo, hasta la despedida con Rafaella de Viagem Alemanha. Todo simplemente perfecto. Ella es un encanto de persona. Inteligente, delicada, educada, sabe todo sobre Alemania, lo que hizo que nuestro paseo fuera mucho m\u00e1s completo&#8230;.\u201d                                    <\/div>\n                                <\/div>\n\n                                <!-- Reviewer info -->\n                                <div class=\"review-footer grow-0\">\n                                    <div class=\"review-meta flex gap-2 text-sm lg:text-base items-center text-gray-600\">\n                                                                                    <div class=\"reviewer-avatar\">\n                                                <img decoding=\"async\" src=\"https:\/\/www.gravatar.com\/avatar\/92d3a6943c0a8ef20b1309bf4c1aec92?s=60&#038;d=mp\" alt=\"Ana Friedheim\" class=\"rounded-full w-12 h-12\" \/>\n                                            <\/div>\n                                                                                <span class=\"reviewer font-medium\">Ana Friedheim<\/span>\n                                    <\/div>\n\n                                    <!-- Review link -->\n                                    <div class=\"review-source text-xs mt-4 text-right\">\n                                                                                    <button class=\"view-review-media cursor-pointer underline text-gray-500\" data-review-id=\"58594\">\n                                                Ver opini\u00f3n completa                                            <\/button>\n                                                                            <\/div>\n                                <\/div>\n                            <\/div>\n                        <\/div>\n                    <\/div>\n                                    \n                    \n                    <div class=\"swiper-slide !h-auto bg-white\">\n                        <div class=\"post-item tripadvisor-review flex lg:flex-row flex-col h-full post-58580 depoimento type-depoimento status-publish hentry\" data-review-id=\"58580\" data-review-type=\"instagram\">\n                            \n                            <div class=\"review-content-wrapper flex flex-col h-full p-5 select-none basis-0 grow shrink\">\n                                <div class=\"review-header grow-0\">\n                                    <h3 class=\"review-title text-base lg:text-xl text-secondary\">guilhermedaniel<\/h3>\n\n                                    <!-- Rating stars -->\n                                    <div class=\"review-rating text-xl text-yellow-400 my-2\">\n                                                                                    \u2605                                                                                    \u2605                                                                                    \u2605                                                                                    \u2605                                                                                    \u2605                                                                            <\/div>\n                                <\/div>\n\n                                <!-- Review text -->\n                                <div class=\"review-content pt-2 pb-4 grow\">\n                                    <div class=\"text-light-foreground text-sm lg:text-base line-clamp-6\">\n                                        \u201c\u00a1Experiencia maravillosa! \u00a1Estamos ansiosos por los pr\u00f3ximos viajes!\u201d                                    <\/div>\n                                <\/div>\n\n                                <!-- Reviewer info -->\n                                <div class=\"review-footer grow-0\">\n                                    <div class=\"review-meta flex gap-2 text-sm lg:text-base items-center text-gray-600\">\n                                                                                    <div class=\"reviewer-avatar\">\n                                                <img decoding=\"async\" src=\"https:\/\/viagemalemanha.com\/wp-content\/uploads\/reviews\/avatars\/instagram\/avatar-guilhermedaniel.jpg\" alt=\"guilhermedaniel\" class=\"rounded-full w-12 h-12\" \/>\n                                            <\/div>\n                                                                                <span class=\"reviewer font-medium\">guilhermedaniel<\/span>\n                                    <\/div>\n\n                                    <!-- Review link -->\n                                    <div class=\"review-source text-xs mt-4 text-right\">\n                                                                                    <a href=\"https:\/\/www.instagram.com\/p\/DK-rdBDRVfU\/c\/18175411876327547\/\" target=\"_blank\" rel=\"nofollow noreferrer noopener\" class=\"text-gray-500\">\n                                                Ver en Instagram                                            <\/a>\n                                                                            <\/div>\n                                <\/div>\n                            <\/div>\n                        <\/div>\n                    <\/div>\n                                    \n                    \n                    <div class=\"swiper-slide !h-auto bg-white\">\n                        <div class=\"post-item tripadvisor-review flex lg:flex-row flex-col h-full post-58600 depoimento type-depoimento status-publish hentry\" data-review-id=\"58600\" data-review-type=\"facebook\">\n                            \n                            <div class=\"review-content-wrapper flex flex-col h-full p-5 select-none basis-0 grow shrink\">\n                                <div class=\"review-header grow-0\">\n                                    <h3 class=\"review-title text-base lg:text-xl text-secondary\">Juliano Stocchero recomienda Viaje Alemania<\/h3>\n\n                                    <!-- Rating stars -->\n                                    <div class=\"review-rating text-xl text-yellow-400 my-2\">\n                                                                                    \u2605                                                                                    \u2605                                                                                    \u2605                                                                                    \u2605                                                                                    \u2605                                                                            <\/div>\n                                <\/div>\n\n                                <!-- Review text -->\n                                <div class=\"review-content pt-2 pb-4 grow\">\n                                    <div class=\"text-light-foreground text-sm lg:text-base line-clamp-6\">\n                                        \u201cQuiero agradecer a Rafaela y a Thomas por el cari\u00f1o, profesionalismo, dedicaci\u00f3n y todo lo que hicieron para hacer que nuestro primer viaje a Alemania sea inolvidable! Tambi\u00e9n agradezco la tarjeta de Navidad enviada.\u201d                                    <\/div>\n                                <\/div>\n\n                                <!-- Reviewer info -->\n                                <div class=\"review-footer grow-0\">\n                                    <div class=\"review-meta flex gap-2 text-sm lg:text-base items-center text-gray-600\">\n                                                                                <span class=\"reviewer font-medium\">Juliano Stocchero<\/span>\n                                    <\/div>\n\n                                    <!-- Review link -->\n                                    <div class=\"review-source text-xs mt-4 text-right\">\n                                                                                    <a href=\"https:\/\/www.facebook.com\/juliano.stocchero\/posts\/pfbid02Hcb7KaWLD5HFqdAV7NM6TX78mt65vFQ5E6ZfmPU7K8NW6yVFkVXJY4M1Db2JKxYJl?__cft__%5B0%5D=AZbjtMi70Pi-RP8AwCSUM_RsFvTA2LsQJWs7h2VpS0hzMwdkd3WftIaHelUlvsUui9XFuDvN45dj4_WfN0oDkyEZEccDYTttWyE3i4t-1JeOBA&#038;__tn__=%2CO%2CP-R\" target=\"_blank\" rel=\"nofollow noreferrer noopener\" class=\"text-gray-500\">\n                                                Ver en Facebook                                            <\/a>\n                                                                            <\/div>\n                                <\/div>\n                            <\/div>\n                        <\/div>\n                    <\/div>\n                                    \n                    \n                    <div class=\"swiper-slide !h-auto bg-white\">\n                        <div class=\"post-item tripadvisor-review flex lg:flex-row flex-col h-full post-58586 depoimento type-depoimento status-publish hentry\" data-review-id=\"58586\" data-review-type=\"site\">\n                            \n                            <div class=\"review-content-wrapper flex flex-col h-full p-5 select-none basis-0 grow shrink\">\n                                <div class=\"review-header grow-0\">\n                                    <h3 class=\"review-title text-base lg:text-xl text-secondary\">Vera Vilhena dijo:<\/h3>\n\n                                    <!-- Rating stars -->\n                                    <div class=\"review-rating text-xl text-yellow-400 my-2\">\n                                                                                    \u2605                                                                                    \u2605                                                                                    \u2605                                                                                    \u2605                                                                                    \u2605                                                                            <\/div>\n                                <\/div>\n\n                                <!-- Review text -->\n                                <div class=\"review-content pt-2 pb-4 grow\">\n                                    <div class=\"text-light-foreground text-sm lg:text-base line-clamp-6\">\n                                        \u201cHicimos un gran paseo en Hamburgo con Rafaella. Maravillosa la ciudad que nos present\u00f3. Gracias Rafaella, te recomiendo mucho.\u201d                                    <\/div>\n                                <\/div>\n\n                                <!-- Reviewer info -->\n                                <div class=\"review-footer grow-0\">\n                                    <div class=\"review-meta flex gap-2 text-sm lg:text-base items-center text-gray-600\">\n                                                                                    <div class=\"reviewer-avatar\">\n                                                <img decoding=\"async\" src=\"https:\/\/www.gravatar.com\/avatar\/f459a7b7de003fc0703eca1c30b008fc?s=60&#038;d=mp\" alt=\"Vera Vilhena\" class=\"rounded-full w-12 h-12\" \/>\n                                            <\/div>\n                                                                                <span class=\"reviewer font-medium\">Vera Vilhena<\/span>\n                                    <\/div>\n\n                                    <!-- Review link -->\n                                    <div class=\"review-source text-xs mt-4 text-right\">\n                                                                                    <button class=\"view-review-media cursor-pointer underline text-gray-500\" data-review-id=\"58586\">\n                                                Ver opini\u00f3n completa                                            <\/button>\n                                                                            <\/div>\n                                <\/div>\n                            <\/div>\n                        <\/div>\n                    <\/div>\n                            <\/div>\n        <\/div>\n\t\t\t\t\t<div class=\"navigation-controls select-none\" data-instance=\"tripadvisor-reviews-block_ef9ab22b08ce841ac9ff9cfa5f43e0f8\">\n\t\t\t\t<div class=\"absolute flex bottom-0 left-0 h-(--swiper-navigation-size) lg:-top-12 lg:right-0 lg:bottom-auto lg:left-auto\">\n\t\t\t\t\t<div class=\"swiper-button-prev nav-prev-tripadvisor-reviews-block_ef9ab22b08ce841ac9ff9cfa5f43e0f8\">\n\t\t\t\t\t\t<svg class=\"transform rotate-180 text-secondary\" xmlns=\"http:\/\/www.w3.org\/2000\/svg\">\n\t\t\t\t\t\t\t<use href=\"#icon-arrow\"><\/use>\n\t\t\t\t\t\t<\/svg>\n\t\t\t\t\t<\/div>\n\t\t\t\t\t<div class=\"swiper-button-next nav-next-tripadvisor-reviews-block_ef9ab22b08ce841ac9ff9cfa5f43e0f8\">\n\t\t\t\t\t\t<svg class=\"text-secondary\" xmlns=\"http:\/\/www.w3.org\/2000\/svg\">\n\t\t\t\t\t\t\t<use href=\"#icon-arrow\"><\/use>\n\t\t\t\t\t\t<\/svg>\n\t\t\t\t\t<\/div>\n\t\t\t\t<\/div>\n\t\t\t<\/div>\n\t\t    \n    <\/div>\n\n<!-- Modal for review media -->\n<dialog class=\"modal review-media-modal\" id=\"review-media-modal-tripadvisor-reviews-block_ef9ab22b08ce841ac9ff9cfa5f43e0f8\">\n    <div class=\"modal-box max-w-3xl max-h-[90vh]\">\n        <form method=\"dialog\">\n            <button class=\"absolute right-2 top-2 cursor-pointer\">\u2715<\/button>\n        <\/form>\n        <h3 class=\"text-xl lg:text-2xl modal-title mb-4 text-secondary\"><\/h3>\n        <div class=\"modal-body\">\n            <div class=\"review-full-content mb-4 lg:mb-6 text-sm lg:text-base text-secondary\"><\/div>\n            <div class=\"media-gallery\">\n                <div class=\"photos-swiper swiper mb-4 select-none\">\n                    <div class=\"swiper-wrapper\"><\/div>\n                    <div class=\"swiper-button-prev\">\n\t\t\t\t\t\t<svg class=\"transform rotate-180\" xmlns=\"http:\/\/www.w3.org\/2000\/svg\">\n\t\t\t\t\t\t\t<use href=\"#icon-arrow\"><\/use>\n\t\t\t\t\t\t<\/svg>\n\t\t\t\t\t<\/div>\n                    <div class=\"swiper-button-next\">\n\t\t\t\t\t\t<svg xmlns=\"http:\/\/www.w3.org\/2000\/svg\">\n\t\t\t\t\t\t\t<use href=\"#icon-arrow\"><\/use>\n\t\t\t\t\t\t<\/svg>\n\t\t\t\t\t<\/div>\n                <\/div>\n\t\t\t\t<div class=\"photos-swiper-thumbs swiper select-none\">\n\t\t\t\t\t<div class=\"swiper-wrapper\"><\/div>\n\t\t\t\t<\/div>\n            <\/div>\n        <\/div>\n    <\/div>\n    <form method=\"dialog\" class=\"modal-backdrop\">\n        <button>close<\/button>\n    <\/form>\n<\/dialog>\n\n\n\n<a class=\"gb-text gb-text-54ada2c0\" href=\"https:\/\/viagemalemanha.com\/es\/testimonios-de-nuestros-viajeros\/\">Saber m\u00e1s<\/a>\n<\/div>\n<\/div>\n<\/section>\n\n\n\n<div>\n<div class=\"gb-element-6a59513f\">\n<div class=\"gb-element-cefea87b\">\n<img decoding=\"async\" width=\"1920\" height=\"2560\" class=\"gb-media-a4881c57\" src=\"https:\/\/viagemalemanha.com\/wp-content\/uploads\/2025\/05\/viagem-alemanha-palacio-scaled.jpg\" alt=\"Pareja de pie delante de un gran castillo, sonriendo y admirando la arquitectura.\" title=\"viagem-alemanha-palacio\" srcset=\"https:\/\/viagemalemanha.com\/wp-content\/uploads\/2025\/05\/viagem-alemanha-palacio-scaled.jpg 1920w, https:\/\/viagemalemanha.com\/wp-content\/uploads\/2025\/05\/viagem-alemanha-palacio-225x300.jpg 225w, https:\/\/viagemalemanha.com\/wp-content\/uploads\/2025\/05\/viagem-alemanha-palacio-768x1024.jpg 768w, https:\/\/viagemalemanha.com\/wp-content\/uploads\/2025\/05\/viagem-alemanha-palacio-1152x1536.jpg 1152w, https:\/\/viagemalemanha.com\/wp-content\/uploads\/2025\/05\/viagem-alemanha-palacio-1536x2048.jpg 1536w\" sizes=\"(max-width: 1920px) 100vw, 1920px\" \/>\n<\/div>\n\n\n\n<div class=\"gb-element-eff6944a\">\n<h2 class=\"gb-text gb-text-4a47737c\">Nuestra oficina en Schloss H\u00fcrbel<\/h2>\n\n\n\n<p class=\"gb-text gb-text-3f8a5db5\">Ubicada entre Memmingen y Biberach a. d. Ri\u00df, a aproximadamente 30 minutos al sur de Ulm, nuestra oficina est\u00e1 situada en la villa id\u00edlica de Gutenzell-H\u00fcrbel, hogar del hist\u00f3rico Barockschloss en el coraz\u00f3n de H\u00fcrbel.  <\/p>\n\n\n\n<p class=\"gb-text gb-text-74917d67\">Al pasar por el antiguo port\u00f3n de hierro en la entrada, se le recibe en el patio del castillo, sombreado por \u00e1rboles centenarios, con el magn\u00edfico Schloss H\u00fcrbel erguido orgullosamente frente a usted.<\/p>\n\n\n\n<p class=\"gb-text gb-text-0fce1435\">Direcci\u00f3n: Schloss H\u00fcrbel, Gutenzell-H\u00fcrbel, Alemania<\/p>\n<\/div>\n<\/div>\n<\/div>\n","protected":false},"excerpt":{"rendered":"<p>Somos una agencia de viajes especializada en viajes personalizados privados para viajeros de habla hispana en Alemania, Suiza y Austria. Nuestra marca es tratar a cada viajero con mucho cari\u00f1o, atenci\u00f3n y profesionalismo.&nbsp; Rafaella, fundadora Grupo Viagem En 2014, fundaron la empresa Viagem Hamburgo. Tras m\u00e1s de una d\u00e9cada viviendo en Alemania, Rafaella conoci\u00f3 todos [&hellip;]<\/p>\n","protected":false},"author":1,"featured_media":0,"parent":0,"menu_order":0,"comment_status":"closed","ping_status":"closed","template":"","meta":{"_acf_changed":false,"tripadvisor_id":"","rating":0,"reviewer_name":"","review_date":"","trip_type":"","helpful_votes":0,"source_url":"","reviewer_gravatar":"","review_type":"","footnotes":""},"class_list":["post-53841","page","type-page","status-publish","hentry"],"acf":[],"_links":{"self":[{"href":"https:\/\/viagemalemanha.com\/es\/wp-json\/wp\/v2\/pages\/53841","targetHints":{"allow":["GET"]}}],"collection":[{"href":"https:\/\/viagemalemanha.com\/es\/wp-json\/wp\/v2\/pages"}],"about":[{"href":"https:\/\/viagemalemanha.com\/es\/wp-json\/wp\/v2\/types\/page"}],"author":[{"embeddable":true,"href":"https:\/\/viagemalemanha.com\/es\/wp-json\/wp\/v2\/users\/1"}],"replies":[{"embeddable":true,"href":"https:\/\/viagemalemanha.com\/es\/wp-json\/wp\/v2\/comments?post=53841"}],"version-history":[{"count":2,"href":"https:\/\/viagemalemanha.com\/es\/wp-json\/wp\/v2\/pages\/53841\/revisions"}],"predecessor-version":[{"id":57515,"href":"https:\/\/viagemalemanha.com\/es\/wp-json\/wp\/v2\/pages\/53841\/revisions\/57515"}],"wp:attachment":[{"href":"https:\/\/viagemalemanha.com\/es\/wp-json\/wp\/v2\/media?parent=53841"}],"curies":[{"name":"wp","href":"https:\/\/api.w.org\/{rel}","templated":true}]}}