{"id":53729,"date":"2025-03-18T18:53:36","date_gmt":"2025-03-18T21:53:36","guid":{"rendered":"https:\/\/viagemalemanha.com\/servicos\/que-es-un-viaje-personalizado\/"},"modified":"2026-02-09T11:36:51","modified_gmt":"2026-02-09T14:36:51","slug":"que-es-un-viaje-personalizado","status":"publish","type":"servico","link":"https:\/\/viagemalemanha.com\/es\/servicios\/que-es-un-viaje-personalizado\/","title":{"rendered":"\u00bfQu\u00e9 es un viaje personalizado?"},"content":{"rendered":"\n<div class=\"gb-element-bc441513\">\n<div class=\"gb-element-0bb1eb25\">\n<div class=\"wp-block-buttons is-content-justification-center is-layout-flex wp-container-core-buttons-is-layout-16018d1d wp-block-buttons-is-layout-flex\">\n<div class=\"wp-block-button\"><a class=\"wp-block-button__link has-black-color has-luminous-vivid-amber-background-color has-text-color has-background wp-element-button\" href=\"https:\/\/viagemalemanha.com\/es\/quienes-somos\/\"><strong>Qui\u00e9nes somos<\/strong><\/a><\/div>\n\n\n\n<div class=\"wp-block-button\"><a class=\"wp-block-button__link has-black-color has-luminous-vivid-amber-background-color has-text-color has-background wp-element-button\" href=\"https:\/\/viagemalemanha.com\/es\/servicios\/guia-latino-en-alemania\/\"><strong>Gu\u00eda en espa\u00f1ol en Alemania &#8211; Viagem Alemanha<\/strong><\/a><\/div>\n\n\n\n<div class=\"wp-block-button\"><a class=\"wp-block-button__link has-black-color has-luminous-vivid-amber-background-color has-text-color has-background wp-element-button\" href=\"https:\/\/viagemalemanha.com\/es\/testimonios-de-nuestros-viajeros\/\"><strong>Referencias<\/strong><\/a><\/div>\n<\/div>\n<\/div>\n<\/div>\n\n<div class=\"gb-element-5942e16d\">\n<div class=\"gb-element-8d3ef4a3\">\n<div class=\"gb-element-ebfca7f0\">\n<h2 class=\"gb-text gb-text-da46db70\">El diferencial de un viaje personalizado por Alemania, Austria y Suiza<\/h2>\n\n\n\n<div>\n<p>Viajar bien no se trata de \u201cverlo todo\u201d; se trata de ver <strong>lo que tiene sentido para usted, al ritmo adecuado y con el apoyo de alguien que conoce cada detalle del destino.<\/strong> Nuestro turismo personalizado transforma los deseos en decisiones objetivas, con curadur\u00eda local, log\u00edstica inteligente y atenci\u00f3n en espa\u00f1ol. <\/p>\n<\/div>\n\n\n\n<p><strong>Resultado:<\/strong> m\u00e1s contenido de calidad, menos desperdicio de tiempo y un coste total optimizado. Es una inversi\u00f3n que se paga en la experiencia. <\/p>\n<\/div>\n\n\n\n<div>\n<figure class=\"gb-element-3f8cb435\">\n<img decoding=\"async\" width=\"1280\" height=\"960\" class=\"gb-media-1ae5b89f\" src=\"https:\/\/viagemalemanha.com\/wp-content\/uploads\/2024\/06\/viagem-alemanha-depoimento-Viagem-de-Ferias-Junho-2024_2.jpg\" alt=\"\" title=\"viagem-alemanha-depoimento-Viagem-de-Ferias Junho-2024_2\" srcset=\"https:\/\/viagemalemanha.com\/wp-content\/uploads\/2024\/06\/viagem-alemanha-depoimento-Viagem-de-Ferias-Junho-2024_2.jpg 1280w, https:\/\/viagemalemanha.com\/wp-content\/uploads\/2024\/06\/viagem-alemanha-depoimento-Viagem-de-Ferias-Junho-2024_2-300x225.jpg 300w, https:\/\/viagemalemanha.com\/wp-content\/uploads\/2024\/06\/viagem-alemanha-depoimento-Viagem-de-Ferias-Junho-2024_2-1024x768.jpg 1024w, https:\/\/viagemalemanha.com\/wp-content\/uploads\/2024\/06\/viagem-alemanha-depoimento-Viagem-de-Ferias-Junho-2024_2-768x576.jpg 768w\" sizes=\"(max-width: 1280px) 100vw, 1280px\" \/>\n\n\n\n<figcaption class=\"gb-text gb-text-bd40d119\"><em>Conocer lugares incre\u00edbles, con tiempo para disfrutar y la seguridad del acompa\u00f1amiento del gu\u00eda local. Valle del Rin, Alemania <\/em><\/figcaption>\n<\/figure>\n<\/div>\n<\/div>\n<\/div>\n\n<div class=\"gb-element-1c33a91c\">\n<div class=\"gb-element-f6c8d9ed\">\n<div>\n<figure class=\"gb-element-10d34c2e\">\n<img decoding=\"async\" width=\"2560\" height=\"1920\" class=\"gb-media-dc0387c4\" src=\"https:\/\/viagemalemanha.com\/wp-content\/uploads\/2025\/03\/Jayme-Monjardim-Viagem-Alemanha.jpg\" alt=\"Hombre registrando una imagen de una c\u00e1mara de cine, destacando su inter\u00e9s por filmaci\u00f3n.\" title=\"Jayme-Monjardim-Viagem-Alemanha\" srcset=\"https:\/\/viagemalemanha.com\/wp-content\/uploads\/2025\/03\/Jayme-Monjardim-Viagem-Alemanha.jpg 2560w, https:\/\/viagemalemanha.com\/wp-content\/uploads\/2025\/03\/Jayme-Monjardim-Viagem-Alemanha-300x225.jpg 300w, https:\/\/viagemalemanha.com\/wp-content\/uploads\/2025\/03\/Jayme-Monjardim-Viagem-Alemanha-1024x768.jpg 1024w, https:\/\/viagemalemanha.com\/wp-content\/uploads\/2025\/03\/Jayme-Monjardim-Viagem-Alemanha-768x576.jpg 768w, https:\/\/viagemalemanha.com\/wp-content\/uploads\/2025\/03\/Jayme-Monjardim-Viagem-Alemanha-1536x1152.jpg 1536w, https:\/\/viagemalemanha.com\/wp-content\/uploads\/2025\/03\/Jayme-Monjardim-Viagem-Alemanha-2048x1536.jpg 2048w\" sizes=\"(max-width: 2560px) 100vw, 2560px\" \/>\n\n\n\n<figcaption class=\"gb-text gb-text-dc0fe3c7\"><em><em><strong>Jayme Monjardim<\/strong> en Viaje por Alemania con nosotros<\/em><\/em><\/figcaption>\n<\/figure>\n<\/div>\n\n\n\n<div class=\"gb-element-022ad0e2\">\n<h2 class=\"gb-text gb-text-332e4d65\">Ah\u00ed es donde entra el turismo personalizado<\/h2>\n\n\n\n<p class=\"gb-text\">Al viajar a un pa\u00eds cuyo idioma no le es familiar, es com\u00fan sentir esa inseguridad, incluso con toda la planificaci\u00f3n antes del viaje. Por m\u00e1s que el itinerario sea minucioso, siempre est\u00e1 alerta pensando en no perderse, o si va a conseguir ver ese y aquel lugar que todo el mundo dijo que es genial. Sin contar que siempre puede ocurrir un  &nbsp;<strong>imprevisto<\/strong> y usted no sabe qu\u00e9 hacer en esa situaci\u00f3n, en un lugar en el que no hablan su idioma.<\/p>\n\n\n\n<p class=\"gb-text\">\u00bfPero y si usted tuviera el&nbsp;<strong>acompa\u00f1amiento<\/strong> de alguien, en su idioma, para llevarle a los mejores locales, mostrarle los consejos que solo los locales conocen y a\u00fan pudiera asesorarle en situaciones imprevistas, o incluso en las compras de aquel producto que solo tiene en este pa\u00eds, pero usted no entendi\u00f3 nada que est\u00e1 en la etiqueta? Y si tuviera la compa\u00f1\u00eda de, m\u00e1s que un gu\u00eda tur\u00edstico, un &nbsp;<strong><a href=\"\/servicios\/guia-latino-en-alemania\/\" target=\"_blank\" rel=\"noreferrer noopener\">\u00bfgu\u00eda privado?<\/a><\/strong> &nbsp;Y m\u00e1s que eso, tener aquella sensaci\u00f3n de llegar a un lugar, con la seguridad de avistar su nombre, con la mesa lista esper\u00e1ndole, una recepci\u00f3n alegre y una persona que le entiende y sabe lo que usted necesita, para que usted pueda relajarse y aprovechar.<\/p>\n<\/div>\n<\/div>\n<\/div>\n\n<div class=\"gb-element-d1b15441\">\n<div class=\"gb-element-ffa5d85e\">\n<div class=\"gb-element-4461a2fe\">\n<h2 class=\"gb-text gb-text-9101976a\">Los profesionales adecuados para su viaje a Alemania<\/h2>\n\n\n\n<p class=\"gb-text\">Dos factores importantes para el \u00e9xito de un viaje personalizado son la <a href=\"https:\/\/viagemalemanha.com\/es\/nuestros-servicios\/\"><strong>agencia<\/strong><\/a> que elabora el itinerario y los <strong>gu\u00eda<\/strong>s.<\/p>\n\n\n\n<p class=\"gb-text\"><strong>La agencia debe verdaderamente conocer el destino a ser visitado<\/strong>, sus peculiaridades culturales, distancias y diferencias regionales, para decir lo m\u00ednimo.<\/p>\n\n\n\n<p>Sin ese bagaje, el viajero puede ser sorprendido por situaciones inesperadas e incluso inc\u00f3modas, por pura falta de informaci\u00f3n por parte del agente. Adem\u00e1s, la organizaci\u00f3n cuidadosa es el diferencial para que el viajero no tenga que preocuparse con detalles.  <\/p>\n\n\n\n<p>El gu\u00eda privado tambi\u00e9n desempe\u00f1a un papel fundamental, con su conocimiento local, del idioma, de la cultura y, por supuesto, de la historia.<\/p>\n\n\n\n<figure class=\"wp-block-pullquote\"><blockquote><p>El turismo personalizado no se trata solo de paseos guiados, sino de <strong>todos los servicios organizados<\/strong> para la llegada y estad\u00eda de los viajeros, acompa\u00f1ados o no, pero siempre debidamente asesorados.<\/p><\/blockquote><\/figure>\n\n\n\n<p class=\"gb-text\">Por eso, el turismo personalizado se ha convertido en <strong>la mejor opci\u00f3n para quien busca un servicio m\u00e1s exclusivo, dedicado y de calidad<\/strong>, en el que lo m\u00e1s importante son el <strong>aprovechamiento del tiempo<\/strong> del viajero y las experiencias locales, con la seguridad del acompa\u00f1amiento profesional en el idioma materno.<\/p>\n<\/div>\n<\/div>\n<\/div>\n\n<div class=\"gb-element-90d573d6\">\n<div class=\"gb-element-80c7223d\">\n<h2 class=\"gb-text gb-text-b6d255eb\">Viaje Personalizado para Alemania, Austria y Suiza \u2013 \u00bfC\u00f3mo funciona?<\/h2>\n<\/div>\n\n\n\n<div class=\"gb-element-536010f2\">\n<div>\n<div class=\"gb-element-e9d1adb4\">\n<p class=\"gb-text gb-text-de3d54fc\">1<\/p>\n<\/div>\n\n\n\n<div>\n<h2 class=\"gb-text gb-text-13a4c49e\">Consultor\u00eda inicial (1 hora)<\/h2>\n\n\n\n<p class=\"gb-text gb-text-ae3f13cb\">Realizamos una videollamada y aplicamos un cuestionario para conocer su perfil, preferencias y expectativas.<\/p>\n<\/div>\n<\/div>\n\n\n\n<div>\n<div class=\"gb-element-6afe5d7a\">\n<p class=\"gb-text gb-text-d4aa328a\">2<\/p>\n<\/div>\n\n\n\n<div>\n<h2 class=\"gb-text gb-text-f5f63bf1\">Propuesta de viaje<\/h2>\n\n\n\n<p class=\"gb-text gb-text-06ce8e2c\">En hasta 7 d\u00edas, usted recibe un itinerario base con todos los detalles ajustados a sus ideas y deseos.<\/p>\n<\/div>\n<\/div>\n\n\n\n<div>\n<div class=\"gb-element-bd57cc66\">\n<p class=\"gb-text gb-text-a260d02c\">3<\/p>\n<\/div>\n\n\n\n<div>\n<h2 class=\"gb-text gb-text-dc807e6d\">Ajustes y refinamiento<\/h2>\n\n\n\n<p class=\"gb-text gb-text-927ad6ae\">Tras la entrega de la propuesta, ofrecemos una conversaci\u00f3n adicional de hasta 30 minutos para realizar los ajustes necesarios.<\/p>\n<\/div>\n<\/div>\n<\/div>\n\n\n\n<div>\n<div class=\"gb-element-2be7919d\">\n<p class=\"gb-text gb-text-351d6700\">4<\/p>\n<\/div>\n\n\n\n<div>\n<h2 class=\"gb-text gb-text-0d97a249\">Su viaje perfecto se inicia<\/h2>\n\n\n\n<p class=\"gb-text gb-text-5fffed6f\">Cerramos la propuesta y vamos a organizar todo para que usted aproveche un viaje perfecto<\/p>\n<\/div>\n<\/div>\n<\/div>\n\n<div class=\"gb-element-37be814d\">\n<div class=\"gb-element-fc4d8b94\">\n<div>\n<figure class=\"gb-element-337670ce\">\n<figure class=\"wp-block-image size-large\"><img decoding=\"async\" width=\"1024\" height=\"768\" src=\"https:\/\/viagemalemanha.com\/wp-content\/uploads\/2025\/04\/viagem-alemanha-tesla-veiculos-eletricos-transfer-1024x768.jpeg\" alt=\"Pareja en el asiento delantero de un coche, el hombre al volante y la mujer a su lado, ambos sonriendo.\" class=\"wp-image-6036\" srcset=\"https:\/\/viagemalemanha.com\/wp-content\/uploads\/2025\/04\/viagem-alemanha-tesla-veiculos-eletricos-transfer-1024x768.jpeg 1024w, https:\/\/viagemalemanha.com\/wp-content\/uploads\/2025\/04\/viagem-alemanha-tesla-veiculos-eletricos-transfer-300x225.jpeg 300w, https:\/\/viagemalemanha.com\/wp-content\/uploads\/2025\/04\/viagem-alemanha-tesla-veiculos-eletricos-transfer-768x576.jpeg 768w, https:\/\/viagemalemanha.com\/wp-content\/uploads\/2025\/04\/viagem-alemanha-tesla-veiculos-eletricos-transfer-1536x1152.jpeg 1536w, https:\/\/viagemalemanha.com\/wp-content\/uploads\/2025\/04\/viagem-alemanha-tesla-veiculos-eletricos-transfer.jpeg 1600w\" sizes=\"(max-width: 1024px) 100vw, 1024px\" \/><\/figure>\n\n\n\n<figure class=\"wp-block-image size-large\"><img decoding=\"async\" width=\"1024\" height=\"768\" src=\"https:\/\/viagemalemanha.com\/wp-content\/uploads\/2025\/03\/Viagem-Alemanha-Viagem-de-carro-pelas-melhroes-estradas-da-Europa-1024x768.jpg\" alt=\"\" class=\"wp-image-21103\" srcset=\"https:\/\/viagemalemanha.com\/wp-content\/uploads\/2025\/03\/Viagem-Alemanha-Viagem-de-carro-pelas-melhroes-estradas-da-Europa-1024x768.jpg 1024w, https:\/\/viagemalemanha.com\/wp-content\/uploads\/2025\/03\/Viagem-Alemanha-Viagem-de-carro-pelas-melhroes-estradas-da-Europa-300x225.jpg 300w, https:\/\/viagemalemanha.com\/wp-content\/uploads\/2025\/03\/Viagem-Alemanha-Viagem-de-carro-pelas-melhroes-estradas-da-Europa-768x576.jpg 768w, https:\/\/viagemalemanha.com\/wp-content\/uploads\/2025\/03\/Viagem-Alemanha-Viagem-de-carro-pelas-melhroes-estradas-da-Europa.jpg 1520w\" sizes=\"(max-width: 1024px) 100vw, 1024px\" \/><\/figure>\n\n\n\n<figcaption class=\"gb-text gb-text-0dec02af\"><em><em>Nuestro Tour de los Convertibles &#8211; Viaje Alemania<\/em><\/em><\/figcaption>\n<\/figure>\n<\/div>\n\n\n\n<div class=\"gb-element-8345991e\">\n<h2 class=\"gb-text gb-text-0b0ed72f\">Beneficios pr\u00e1cticos (lo que usted gana en la pr\u00e1ctica):<\/h2>\n\n\n\n<ul class=\"wp-block-list\">\n<li><b>Atenci\u00f3n en espa\u00f1ol: Por quien vive y conoce bien Alemania, Austria y Suiza.<\/b><\/li>\n\n\n\n<li><strong>Curadur\u00eda humana + local<\/strong>: itinerarios que conectan lugares, historias y temporadas correctas.<\/li>\n\n\n\n<li><strong>Itinerario a medida<\/strong>: cada d\u00eda tiene un prop\u00f3sito claro \u2014 historia, naturaleza, gastronom\u00eda o experiencias \u2014 a su ritmo.<\/li>\n\n\n\n<li><strong>Hospedajes con prop\u00f3sito<\/strong>: de <strong>hoteles boutique<\/strong> a <strong>castillos y palacios<\/strong> alpinos; cuando tenga sentido, tambi\u00e9n spas y retiros de monta\u00f1a o incluso un hotel m\u00e1s simple.<\/li>\n\n\n\n<li><strong>Experiencias que marcan<\/strong>: visitas a palacios b\u00e1varos, jardines hist\u00f3ricos, cervecer\u00edas tradicionales, vinos en Mosel\/Rheingau, itinerarios jud\u00edos, memoria de la II Guerra Mundial, mercados de Navidad, museos automotrices y d\u00edas al aire libre.<\/li>\n\n\n\n<li><strong>Log\u00edstica precisa<\/strong>: trenes, coche, ch\u00f3feres-gu\u00eda, mejores d\u00edas de visita, tiempos de desplazamiento y reservas cr\u00edticas consideradas.<\/li>\n\n\n\n<li><strong>Relaci\u00f3n calidad-precio real<\/strong>: priorizamos lo que agrega valor y evitamos trampas que encarecen sin necesidad.<\/li>\n\n\n\n<li><strong>Soporte en espa\u00f1ol<\/strong>: antes y durante el viaje, para ajustes e imprevistos. Tambi\u00e9n atendemos en espa\u00f1ol e ingl\u00e9s. <\/li>\n\n\n\n<li><strong>Acceso y curadur\u00eda<\/strong>: gu\u00edas excelentes en espa\u00f1ol, experiencias aut\u00e9nticas y selecci\u00f3n de proveedores confiables. <\/li>\n<\/ul>\n\n\n\n<p><\/p>\n\n\n\n<h3 class=\"wp-block-heading\">Lo que puede estar incluido en un paquete de viajes personalizado<\/h3>\n\n\n\n<ul class=\"wp-block-list\">\n<li>Itinerario detallado del d\u00eda a d\u00eda y mapas digitales.<\/li>\n\n\n\n<li>Hoteles<\/li>\n\n\n\n<li>Gu\u00edas locales en espa\u00f1ol y <strong>gu\u00eda-ch\u00f3fer<\/strong> cuando tenga sentido.<\/li>\n\n\n\n<li>Entradas, experiencias y paseos tem\u00e1ticos.<\/li>\n\n\n\n<li>Trenes, traslados, coche con o sin ch\u00f3fer<\/li>\n\n\n\n<li>Selecci\u00f3n de restaurantes y reservas conforme preferencias.<\/li>\n\n\n\n<li><strong>Conserje en espa\u00f1ol<\/strong> a lo largo de todo el viaje.<\/li>\n<\/ul>\n\n\n\n<h2 class=\"wp-block-heading\">Si usted busca conocer Alemania de forma personalizada, con atenci\u00f3n en espa\u00f1ol y servicios diferenciados y exclusivos, <strong>entre en contacto<\/strong>.<\/h2>\n\n\n\n<p class=\"gb-text\"><em>E-mail: <a href=\"mailto:viagem@viagemalemanha.com\"><em>viagem@viagemalemanha.com<\/em><\/a><\/em><\/p>\n\n\n\n<p class=\"gb-text\"><em>Tel\u00e9fono: +49 1522 9347 941 <\/em><\/p>\n<\/div>\n<\/div>\n\n\n\n<div class=\"gb-element-25f73e61\">\n<div class=\"gb-element-d1a842af\">\n<h2 class=\"gb-text gb-text-11d7c61f\">Preguntas frecuentes<\/h2>\n\n\n\n<div id=\"faq-block_5a991248017ce4efc5424570224e5a54\" class=\"faq-block onserp-block relative py-6 bg-white\">\n    <div class=\"container mx-auto px-4\">\n        \n        \n                    <div class=\"faq-accordion-container space-y-4\">\n                                    <div class=\"faq-accordion collapse collapse-plus bg-white border-b border-b-gray-200 last-of-type:border-b-0\">\n                        <input type=\"radio\" name=\"faq-accordion-block_5a991248017ce4efc5424570224e5a54\" id=\"faq-block_5a991248017ce4efc5424570224e5a54-0\" checked \/>\n                        <div class=\"collapse-title text-xl p-4 pr-12\">\n                            \u00bfQu\u00e9 est\u00e1 incluido en los paquetes de viajes privados en Alemania?                        <\/div>\n                        <div class=\"collapse-content\">\n                            <div class=\"text-light-foreground pb-4\">\n                                <p>Podemos organizar <strong>el 100% de su viaje<\/strong> o solo partes de \u00e9l, permitiendo la flexibilidad que usted desea.<\/p>\n<p>Nuestros paquetes de viajes privados en Alemania son <strong>totalmente personalizados<\/strong> para atender a sus necesidades y preferencias. Ellos pueden incluir desde la elaboraci\u00f3n completa del itinerario, reservas de hoteles, traslados privados, paseos guiados, hasta experiencias exclusivas como, pilotaje en circuitos, degustaciones de vinos, visitas a castillos, y mucho m\u00e1s. <\/p>\n<p>Todo es hecho a medida para garantizar un viaje confortable e inolvidable.<\/p>\n                            <\/div>\n                        <\/div>\n                    <\/div>\n                                    <div class=\"faq-accordion collapse collapse-plus bg-white border-b border-b-gray-200 last-of-type:border-b-0\">\n                        <input type=\"radio\" name=\"faq-accordion-block_5a991248017ce4efc5424570224e5a54\" id=\"faq-block_5a991248017ce4efc5424570224e5a54-1\"  \/>\n                        <div class=\"collapse-title text-xl p-4 pr-12\">\n                            \u00bfNecesito contratar todos los servicios o puedo elegir solo algunos?                        <\/div>\n                        <div class=\"collapse-content\">\n                            <div class=\"text-light-foreground pb-4\">\n                                <p>Usted tiene total flexibilidad para elegir los servicios que mejor atienden a sus necesidades.<\/p>\n<p><strong>Podemos cuidar de todos los detalles de su viaje<\/strong>, o usted puede optar por contratar solo servicios espec\u00edficos, como paseos guiados o reservas de hoteles. Somos especialistas en organizar paquetes privados completos, repletos de experiencias y totalmente personalizados, garantizando que su viaje sea \u00fanico e inolvidable. <\/p>\n                            <\/div>\n                        <\/div>\n                    <\/div>\n                                    <div class=\"faq-accordion collapse collapse-plus bg-white border-b border-b-gray-200 last-of-type:border-b-0\">\n                        <input type=\"radio\" name=\"faq-accordion-block_5a991248017ce4efc5424570224e5a54\" id=\"faq-block_5a991248017ce4efc5424570224e5a54-2\"  \/>\n                        <div class=\"collapse-title text-xl p-4 pr-12\">\n                            \u00bfCu\u00e1les son los primeros pasos para crear un paquete de viaje personalizado?                        <\/div>\n                        <div class=\"collapse-content\">\n                            <div class=\"text-light-foreground pb-4\">\n                                <div class=\"ea-card sp-ea-single ea-expand\">\n<div id=\"collapse45392\" class=\"sp-collapse spcollapse show\" role=\"region\" data-parent=\"#sp-ea-4539\" aria-labelledby=\"ea-header-45392\">\n<div class=\"ea-body\">\n<ul>\n<li>El proceso comienza con una consultor\u00eda inicial, donde entendemos sus preferencias, intereses y presupuesto. Usted puede encontrar m\u00e1s detalles sobre la consultor\u00eda inicial <a href=\"#\" rel=\"noopener\">aqu\u00ed<\/a>. Con base en esas informaciones, creamos un itinerario personalizado que incluye las mejores atracciones (de acuerdo con su perfil) y experiencias en Alemania, Suiza y Austria.\n<p>Tras la consultor\u00eda, presentaremos una oferta detallada que incluye todos los servicios necesarios para garantizar que su viaje sea exactamente como usted imagin\u00f3. Durante todo el viaje, ofrecemos soporte continuo, garantizando que todo ocurra perfectamente, desde su llegada hasta el regreso. <\/li>\n<\/ul>\n<\/div>\n<\/div>\n<\/div>\n                            <\/div>\n                        <\/div>\n                    <\/div>\n                                    <div class=\"faq-accordion collapse collapse-plus bg-white border-b border-b-gray-200 last-of-type:border-b-0\">\n                        <input type=\"radio\" name=\"faq-accordion-block_5a991248017ce4efc5424570224e5a54\" id=\"faq-block_5a991248017ce4efc5424570224e5a54-3\"  \/>\n                        <div class=\"collapse-title text-xl p-4 pr-12\">\n                            \u00bfUstedes ofrecen soporte durante todo el viaje?                        <\/div>\n                        <div class=\"collapse-content\">\n                            <div class=\"text-light-foreground pb-4\">\n                                <p><strong>S\u00ed<\/strong>, podemos ofrecer soporte continuo durante todo su viaje.<\/p>\n<p>Desde su llegada hasta el regreso, estamos a disposici\u00f3n para garantizar que todo ocurra conforme planeado. Eso incluye asistencia en tiempo real para ajustes en el itinerario, reservas, o cualquier necesidad que pueda surgir durante su estad\u00eda. <\/p>\n                            <\/div>\n                        <\/div>\n                    <\/div>\n                                    <div class=\"faq-accordion collapse collapse-plus bg-white border-b border-b-gray-200 last-of-type:border-b-0\">\n                        <input type=\"radio\" name=\"faq-accordion-block_5a991248017ce4efc5424570224e5a54\" id=\"faq-block_5a991248017ce4efc5424570224e5a54-4\"  \/>\n                        <div class=\"collapse-title text-xl p-4 pr-12\">\n                            \u00bfPuedo incluir destinos en otros pa\u00edses adem\u00e1s de Alemania?                         <\/div>\n                        <div class=\"collapse-content\">\n                            <div class=\"text-light-foreground pb-4\">\n                                <p><strong>\u00a1Con certeza!<\/strong> Adem\u00e1s de Alemania, tambi\u00e9n organizamos viajes personalizados en <strong>Suiza, Austria y norte de Italia<\/strong>.<\/p>\n<p>Podemos crear un itinerario que combine diferentes pa\u00edses, permitiendo que usted explore varias regiones en un \u00fanico viaje. Nuestro objetivo es proporcionar una experiencia rica y diversificada, adaptada a sus intereses y deseos. <\/p>\n                            <\/div>\n                        <\/div>\n                    <\/div>\n                                    <div class=\"faq-accordion collapse collapse-plus bg-white border-b border-b-gray-200 last-of-type:border-b-0\">\n                        <input type=\"radio\" name=\"faq-accordion-block_5a991248017ce4efc5424570224e5a54\" id=\"faq-block_5a991248017ce4efc5424570224e5a54-5\"  \/>\n                        <div class=\"collapse-title text-xl p-4 pr-12\">\n                            \u00bfCu\u00e1l es el coste de un paquete de viaje personalizado?                        <\/div>\n                        <div class=\"collapse-content\">\n                            <div class=\"text-light-foreground pb-4\">\n                                <div class=\"ea-card sp-ea-single ea-expand\">\n<div id=\"collapse45395\" class=\"sp-collapse spcollapse show\" role=\"region\" data-parent=\"#sp-ea-4539\" aria-labelledby=\"ea-header-45395\">\n<div class=\"ea-body\">\n<p>El coste de un paquete de viaje personalizado va a variar dependiendo de varios factores, como la duraci\u00f3n del viaje, el nivel de alojamiento, las experiencias elegidas y los servicios incluidos.<\/p>\n<p>Durante nuestra consultor\u00eda inicial, <strong>entenderemos sus necesidades y su presupuesto<\/strong>, y con base en eso, presentaremos una p<strong>ropuesta detallada que se alinee a sus expectativas financieras<\/strong>.<\/p>\n<p>Nuestro objetivo es crear un viaje inolvidable dentro de su presupuesto.<\/p>\n<\/div>\n<\/div>\n<\/div>\n                            <\/div>\n                        <\/div>\n                    <\/div>\n                                    <div class=\"faq-accordion collapse collapse-plus bg-white border-b border-b-gray-200 last-of-type:border-b-0\">\n                        <input type=\"radio\" name=\"faq-accordion-block_5a991248017ce4efc5424570224e5a54\" id=\"faq-block_5a991248017ce4efc5424570224e5a54-6\"  \/>\n                        <div class=\"collapse-title text-xl p-4 pr-12\">\n                            \u00bfC\u00f3mo ustedes garantizan que el viaje ser\u00e1 adecuado para toda la familia, incluyendo ni\u00f1os?                         <\/div>\n                        <div class=\"collapse-content\">\n                            <div class=\"text-light-foreground pb-4\">\n                                <div class=\"ea-card sp-ea-single ea-expand\">\n<div id=\"collapse45396\" class=\"sp-collapse spcollapse show\" role=\"region\" data-parent=\"#sp-ea-4539\" aria-labelledby=\"ea-header-45396\">\n<div class=\"ea-body\">\n<p>Tenemos vasta experiencia en organizar viajes para familias, garantizando que todos, desde ni\u00f1os hasta adultos, aprovechen al m\u00e1ximo.<\/p>\n<p>Personalizamos el itinerario con actividades adecuadas para cada franja etaria, seleccionamos alojamientos con estructura para ni\u00f1os, e incluimos experiencias que agraden a todos. Adem\u00e1s, como tambi\u00e9n tenemos hijos peque\u00f1os, entendemos en primera mano las necesidades y desaf\u00edos de viajar con ni\u00f1os. <\/p>\n<\/div>\n<\/div>\n<\/div>\n<div class=\"ea-card sp-ea-single\">\n<h3 class=\"ea-header\"><\/h3>\n<\/div>\n                            <\/div>\n                        <\/div>\n                    <\/div>\n                                    <div class=\"faq-accordion collapse collapse-plus bg-white border-b border-b-gray-200 last-of-type:border-b-0\">\n                        <input type=\"radio\" name=\"faq-accordion-block_5a991248017ce4efc5424570224e5a54\" id=\"faq-block_5a991248017ce4efc5424570224e5a54-7\"  \/>\n                        <div class=\"collapse-title text-xl p-4 pr-12\">\n                            \u00bfUstedes ofrecen soporte para el alquiler de coches y orientaci\u00f3n para conducir en Alemania?                        <\/div>\n                        <div class=\"collapse-content\">\n                            <div class=\"text-light-foreground pb-4\">\n                                <p>S\u00ed, ofrecemos soporte completo para el alquiler de coches durante su viaje, garantizando que usted tenga el veh\u00edculo adecuado a sus necesidades.<\/p>\n<p>Adem\u00e1s, proporcionamos orientaciones detalladas sobre c\u00f3mo conducir en Alemania, consejos sobre las mejores rutas e informaciones sobre aparcamientos. Ese soporte est\u00e1 incluido en todos nuestros paquetes completos, o puede ser ofrecido como parte de nuestro servicio de conserjer\u00eda, caso sea contratado separadamente. <\/p>\n                            <\/div>\n                        <\/div>\n                    <\/div>\n                            <\/div>\n\n\n\t\t\t<script type=\"application\/ld+json\">\n\t\t\t\t{\n\t\t\t\t\t\"@context\": \"https:\/\/schema.org\",\n\t\t\t\t\t\"@type\": \"FAQPage\",\n\t\t\t\t\t\"mainEntity\": [\n\t\t\t\t\t\t\t\t\t\t\t\t{\n\t\t\t\t\t\t\t\"@type\": \"Question\",\n\t\t\t\t\t\t\t\"name\": \"\u00bfQu\u00e9 est\u00e1 incluido en los paquetes de viajes privados en Alemania?\",\n\t\t\t\t\t\t\t\"acceptedAnswer\": {\n\t\t\t\t\t\t\t\t\"@type\": \"Answer\",\n\t\t\t\t\t\t\t\t\"text\": \"Podemos organizar el 100% de su viaje o solo partes de \u00e9l, permitiendo la flexibilidad que usted desea.\\nNuestros paquetes de viajes privados en Alemania son totalmente personalizados para atender a sus necesidades y preferencias. Ellos pueden incluir desde la elaboraci\u00f3n completa del itinerario, reservas de hoteles, traslados privados, paseos guiados, hasta experiencias exclusivas como, pilotaje en circuitos, degustaciones de vinos, visitas a castillos, y mucho m\u00e1s. \\nTodo es hecho a medida para garantizar un viaje confortable e inolvidable.\"\n\t\t\t\t\t\t\t}\n\t\t\t\t\t\t},\t\t\t\t\t\t\t\t\t\t\t\t{\n\t\t\t\t\t\t\t\"@type\": \"Question\",\n\t\t\t\t\t\t\t\"name\": \"\u00bfNecesito contratar todos los servicios o puedo elegir solo algunos?\",\n\t\t\t\t\t\t\t\"acceptedAnswer\": {\n\t\t\t\t\t\t\t\t\"@type\": \"Answer\",\n\t\t\t\t\t\t\t\t\"text\": \"Usted tiene total flexibilidad para elegir los servicios que mejor atienden a sus necesidades.\\nPodemos cuidar de todos los detalles de su viaje, o usted puede optar por contratar solo servicios espec\u00edficos, como paseos guiados o reservas de hoteles. Somos especialistas en organizar paquetes privados completos, repletos de experiencias y totalmente personalizados, garantizando que su viaje sea \u00fanico e inolvidable.\"\n\t\t\t\t\t\t\t}\n\t\t\t\t\t\t},\t\t\t\t\t\t\t\t\t\t\t\t{\n\t\t\t\t\t\t\t\"@type\": \"Question\",\n\t\t\t\t\t\t\t\"name\": \"\u00bfCu\u00e1les son los primeros pasos para crear un paquete de viaje personalizado?\",\n\t\t\t\t\t\t\t\"acceptedAnswer\": {\n\t\t\t\t\t\t\t\t\"@type\": \"Answer\",\n\t\t\t\t\t\t\t\t\"text\": \"El proceso comienza con una consultor\u00eda inicial, donde entendemos sus preferencias, intereses y presupuesto. Usted puede encontrar m\u00e1s detalles sobre la consultor\u00eda inicial aqu\u00ed. Con base en esas informaciones, creamos un itinerario personalizado que incluye las mejores atracciones (de acuerdo con su perfil) y experiencias en Alemania, Suiza y Austria.\\nTras la consultor\u00eda, presentaremos una oferta detallada que incluye todos los servicios necesarios para garantizar que su viaje sea exactamente como usted imagin\u00f3. Durante todo el viaje, ofrecemos soporte continuo, garantizando que todo ocurra perfectamente, desde su llegada hasta el regreso.\"\n\t\t\t\t\t\t\t}\n\t\t\t\t\t\t},\t\t\t\t\t\t\t\t\t\t\t\t{\n\t\t\t\t\t\t\t\"@type\": \"Question\",\n\t\t\t\t\t\t\t\"name\": \"\u00bfUstedes ofrecen soporte durante todo el viaje?\",\n\t\t\t\t\t\t\t\"acceptedAnswer\": {\n\t\t\t\t\t\t\t\t\"@type\": \"Answer\",\n\t\t\t\t\t\t\t\t\"text\": \"S\u00ed, podemos ofrecer soporte continuo durante todo su viaje.\\nDesde su llegada hasta el regreso, estamos a disposici\u00f3n para garantizar que todo ocurra conforme planeado. Eso incluye asistencia en tiempo real para ajustes en el itinerario, reservas, o cualquier necesidad que pueda surgir durante su estad\u00eda.\"\n\t\t\t\t\t\t\t}\n\t\t\t\t\t\t},\t\t\t\t\t\t\t\t\t\t\t\t{\n\t\t\t\t\t\t\t\"@type\": \"Question\",\n\t\t\t\t\t\t\t\"name\": \"\u00bfPuedo incluir destinos en otros pa\u00edses adem\u00e1s de Alemania? \",\n\t\t\t\t\t\t\t\"acceptedAnswer\": {\n\t\t\t\t\t\t\t\t\"@type\": \"Answer\",\n\t\t\t\t\t\t\t\t\"text\": \"\u00a1Con certeza! Adem\u00e1s de Alemania, tambi\u00e9n organizamos viajes personalizados en Suiza, Austria y norte de Italia.\\nPodemos crear un itinerario que combine diferentes pa\u00edses, permitiendo que usted explore varias regiones en un \u00fanico viaje. Nuestro objetivo es proporcionar una experiencia rica y diversificada, adaptada a sus intereses y deseos.\"\n\t\t\t\t\t\t\t}\n\t\t\t\t\t\t},\t\t\t\t\t\t\t\t\t\t\t\t{\n\t\t\t\t\t\t\t\"@type\": \"Question\",\n\t\t\t\t\t\t\t\"name\": \"\u00bfCu\u00e1l es el coste de un paquete de viaje personalizado?\",\n\t\t\t\t\t\t\t\"acceptedAnswer\": {\n\t\t\t\t\t\t\t\t\"@type\": \"Answer\",\n\t\t\t\t\t\t\t\t\"text\": \"El coste de un paquete de viaje personalizado va a variar dependiendo de varios factores, como la duraci\u00f3n del viaje, el nivel de alojamiento, las experiencias elegidas y los servicios incluidos.\\nDurante nuestra consultor\u00eda inicial, entenderemos sus necesidades y su presupuesto, y con base en eso, presentaremos una propuesta detallada que se alinee a sus expectativas financieras.\\nNuestro objetivo es crear un viaje inolvidable dentro de su presupuesto.\"\n\t\t\t\t\t\t\t}\n\t\t\t\t\t\t},\t\t\t\t\t\t\t\t\t\t\t\t{\n\t\t\t\t\t\t\t\"@type\": \"Question\",\n\t\t\t\t\t\t\t\"name\": \"\u00bfC\u00f3mo ustedes garantizan que el viaje ser\u00e1 adecuado para toda la familia, incluyendo ni\u00f1os? \",\n\t\t\t\t\t\t\t\"acceptedAnswer\": {\n\t\t\t\t\t\t\t\t\"@type\": \"Answer\",\n\t\t\t\t\t\t\t\t\"text\": \"Tenemos vasta experiencia en organizar viajes para familias, garantizando que todos, desde ni\u00f1os hasta adultos, aprovechen al m\u00e1ximo.\\nPersonalizamos el itinerario con actividades adecuadas para cada franja etaria, seleccionamos alojamientos con estructura para ni\u00f1os, e incluimos experiencias que agraden a todos. Adem\u00e1s, como tambi\u00e9n tenemos hijos peque\u00f1os, entendemos en primera mano las necesidades y desaf\u00edos de viajar con ni\u00f1os.\"\n\t\t\t\t\t\t\t}\n\t\t\t\t\t\t},\t\t\t\t\t\t\t\t\t\t\t\t{\n\t\t\t\t\t\t\t\"@type\": \"Question\",\n\t\t\t\t\t\t\t\"name\": \"\u00bfUstedes ofrecen soporte para el alquiler de coches y orientaci\u00f3n para conducir en Alemania?\",\n\t\t\t\t\t\t\t\"acceptedAnswer\": {\n\t\t\t\t\t\t\t\t\"@type\": \"Answer\",\n\t\t\t\t\t\t\t\t\"text\": \"S\u00ed, ofrecemos soporte completo para el alquiler de coches durante su viaje, garantizando que usted tenga el veh\u00edculo adecuado a sus necesidades.\\nAdem\u00e1s, proporcionamos orientaciones detalladas sobre c\u00f3mo conducir en Alemania, consejos sobre las mejores rutas e informaciones sobre aparcamientos. Ese soporte est\u00e1 incluido en todos nuestros paquetes completos, o puede ser ofrecido como parte de nuestro servicio de conserjer\u00eda, caso sea contratado separadamente.\"\n\t\t\t\t\t\t\t}\n\t\t\t\t\t\t}\t\t\t\t\t\t\t\t\t\t\t]\n\t\t\t\t}\n\t\t\t<\/script>\n            <\/div>\n\n\n<\/div>\n<\/div>\n<\/div>\n<\/div>\n\n<div class=\"gb-element-234a1e1d\">\n<div class=\"gb-element-650b457b\">\n<p class=\"gb-text gb-text-0edfb451\">P\u00f3ngase en contacto a trav\u00e9s de nuestro correo electr\u00f3nico:<br><a href=\"mailto:viagem@viagemalemanha.com\">viagem@viagemalemanha.com<\/a><\/p>\n\n\n<style id=\"wpforms-css-vars-6673-block-93017f2f-845d-4d18-8f91-c8d4207164de\">\n\t\t\t\t#wpforms-6673.wpforms-block-93017f2f-845d-4d18-8f91-c8d4207164de {\n\t\t\t\t--wpforms-label-color: #ffffff;\n--wpforms-label-sublabel-color: #F2F2F2;\n--wpforms-label-error-color: #FFCC00;\n--wpforms-page-break-color: #dddddd;\n--wpforms-field-border-radius: 0px;\n--wpforms-field-border-color: #F2F2F2;\n--wpforms-field-border-color-spare: #F2F2F2;\n--wpforms-field-text-color: #232323;\n--wpforms-field-menu-color: #F2F2F2;\n--wpforms-container-padding: ;\n--wpforms-button-border-style: solid;\n--wpforms-button-border-radius: 0px;\n--wpforms-button-background-color: #232323;\n--wpforms-button-text-color: #FFCC00;\n--wpforms-button-border-color: #FFCC00;\n--wpforms-field-size-input-height: 50px;\n--wpforms-field-size-input-spacing: 20px;\n--wpforms-field-size-font-size: 18px;\n--wpforms-field-size-line-height: 21px;\n--wpforms-field-size-padding-h: 14px;\n--wpforms-field-size-checkbox-size: 18px;\n--wpforms-field-size-sublabel-spacing: 10px;\n--wpforms-field-size-icon-size: 1.25;\n--wpforms-label-size-font-size: 16px;\n--wpforms-label-size-line-height: 19px;\n--wpforms-label-size-sublabel-font-size: 14px;\n--wpforms-label-size-sublabel-line-height: 17px;\n--wpforms-button-size-font-size: 17px;\n--wpforms-button-size-height: 41px;\n--wpforms-button-size-padding-h: 15px;\n--wpforms-button-size-margin-top: 10px;\n--wpforms-container-shadow-size-box-shadow: none;\n\t\t\t}\n\t\t\t<\/style><div class=\"wpforms-container wpforms-container-full wpforms-container-save-resume wpforms-block wpforms-block-93017f2f-845d-4d18-8f91-c8d4207164de wpforms-render-modern\" id=\"wpforms-6673\"><form id=\"wpforms-form-6673\" class=\"wpforms-validate wpforms-form\" data-formid=\"6673\" method=\"post\" enctype=\"multipart\/form-data\" action=\"\/es\/wp-json\/wp\/v2\/servico\/53729\" data-token=\"153984421902125218ec6ebdcd590bc3\" data-token-time=\"1777316171\"><noscript class=\"wpforms-error-noscript\">Por favor, activa JavaScript en tu navegador para completar este formulario.<\/noscript><div id=\"wpforms-error-noscript\" style=\"display: none;\">Por favor, activa JavaScript en tu navegador para completar este formulario.<\/div><div class=\"wpforms-field-container\"><div id=\"wpforms-6673-field_0-container\" class=\"wpforms-field wpforms-field-name\" data-field-type=\"name\" data-field-id=\"0\"><fieldset><legend class=\"wpforms-field-label wpforms-label-hide\" aria-hidden=\"false\">Nombre <span class=\"wpforms-required-label\" aria-hidden=\"true\">*<\/span><\/legend><div class=\"wpforms-field-row wpforms-field-large\"><div class=\"wpforms-field-row-block wpforms-first wpforms-one-half\"><input type=\"text\" id=\"wpforms-6673-field_0\" class=\"wpforms-field-name-first wpforms-field-required\" name=\"wpforms[fields][0][first]\" placeholder=\"Nombre\" aria-errormessage=\"wpforms-6673-field_0-error\" required><label for=\"wpforms-6673-field_0\" class=\"wpforms-field-sublabel after wpforms-sublabel-hide\">Nombre<\/label><\/div><div class=\"wpforms-field-row-block wpforms-one-half\"><input type=\"text\" id=\"wpforms-6673-field_0-last\" class=\"wpforms-field-name-last wpforms-field-required\" name=\"wpforms[fields][0][last]\" placeholder=\"Apellido\" aria-errormessage=\"wpforms-6673-field_0-last-error\" required><label for=\"wpforms-6673-field_0-last\" class=\"wpforms-field-sublabel after wpforms-sublabel-hide\">Apellido<\/label><\/div><\/div><\/fieldset><\/div><div id=\"wpforms-6673-field_1-container\" class=\"wpforms-field wpforms-field-email\" data-field-type=\"email\" data-field-id=\"1\"><label class=\"wpforms-field-label wpforms-label-hide\" for=\"wpforms-6673-field_1\" aria-hidden=\"false\">Correo electr\u00f3nico <span class=\"wpforms-required-label\" aria-hidden=\"true\">*<\/span><\/label><input type=\"email\" id=\"wpforms-6673-field_1\" class=\"wpforms-field-large wpforms-field-required\" name=\"wpforms[fields][1]\" placeholder=\"Su correo electr\u00f3nico\" spellcheck=\"false\" aria-errormessage=\"wpforms-6673-field_1-error\" required><\/div><div id=\"wpforms-6673-field_7-container\" class=\"wpforms-field wpforms-field-phone\" data-field-type=\"phone\" data-field-id=\"7\"><label class=\"wpforms-field-label\" for=\"wpforms-6673-field_7\">Tel\u00e9fono con c\u00f3digo de \u00e1rea <span class=\"wpforms-required-label\" aria-hidden=\"true\">*<\/span><\/label><input type=\"tel\" id=\"wpforms-6673-field_7\" class=\"wpforms-field-medium wpforms-field-required\" data-rule-int-phone-field=\"true\" name=\"wpforms[fields][7]\" placeholder=\"+55\" aria-label=\"Tel\u00e9fono con c\u00f3digo de \u00e1rea\" aria-errormessage=\"wpforms-6673-field_7-error\" required><\/div><div id=\"wpforms-6673-field_4-container\" class=\"wpforms-field wpforms-field-radio\" data-field-type=\"radio\" data-field-id=\"4\"><fieldset><legend class=\"wpforms-field-label\">\u00bfAd\u00f3nde quiere viajar?<\/legend><ul id=\"wpforms-6673-field_4\"><li class=\"choice-1 depth-1\"><input type=\"radio\" id=\"wpforms-6673-field_4_1\" name=\"wpforms[fields][4]\" value=\"Alemania\" aria-errormessage=\"wpforms-6673-field_4_1-error\"  ><label class=\"wpforms-field-label-inline\" for=\"wpforms-6673-field_4_1\">Alemania<\/label><\/li><li class=\"choice-2 depth-1\"><input type=\"radio\" id=\"wpforms-6673-field_4_2\" name=\"wpforms[fields][4]\" value=\"Suiza\" aria-errormessage=\"wpforms-6673-field_4_2-error\"  ><label class=\"wpforms-field-label-inline\" for=\"wpforms-6673-field_4_2\">Suiza<\/label><\/li><li class=\"choice-3 depth-1\"><input type=\"radio\" id=\"wpforms-6673-field_4_3\" name=\"wpforms[fields][4]\" value=\"Austria\" aria-errormessage=\"wpforms-6673-field_4_3-error\"  ><label class=\"wpforms-field-label-inline\" for=\"wpforms-6673-field_4_3\">Austria<\/label><\/li><li class=\"choice-4 depth-1\"><input type=\"radio\" id=\"wpforms-6673-field_4_4\" name=\"wpforms[fields][4]\" value=\"Norte de Italia\" aria-errormessage=\"wpforms-6673-field_4_4-error\"  ><label class=\"wpforms-field-label-inline\" for=\"wpforms-6673-field_4_4\">Norte de Italia<\/label><\/li><li class=\"choice-5 depth-1\"><input type=\"radio\" id=\"wpforms-6673-field_4_5\" name=\"wpforms[fields][4]\" value=\"Otros\" aria-errormessage=\"wpforms-6673-field_4_5-error\"  ><label class=\"wpforms-field-label-inline\" for=\"wpforms-6673-field_4_5\">Otros<\/label><\/li><\/ul><\/fieldset><\/div><div id=\"wpforms-6673-field_5-container\" class=\"wpforms-field wpforms-field-radio\" data-field-type=\"radio\" data-field-id=\"5\"><fieldset><legend class=\"wpforms-field-label\">\u00bfLes gustar\u00eda nuestra ayuda?<\/legend><ul id=\"wpforms-6673-field_5\"><li class=\"choice-1 depth-1\"><input type=\"radio\" id=\"wpforms-6673-field_5_1\" name=\"wpforms[fields][5]\" value=\"Viaje completo (nos encargamos de todo)\" aria-errormessage=\"wpforms-6673-field_5_1-error\"  ><label class=\"wpforms-field-label-inline\" for=\"wpforms-6673-field_5_1\">Viaje completo (nos encargamos de todo)<\/label><\/li><li class=\"choice-2 depth-1\"><input type=\"radio\" id=\"wpforms-6673-field_5_2\" name=\"wpforms[fields][5]\" value=\"Gu\u00edas locales en espa\u00f1ol\" aria-errormessage=\"wpforms-6673-field_5_2-error\"  ><label class=\"wpforms-field-label-inline\" for=\"wpforms-6673-field_5_2\">Gu\u00edas locales en espa\u00f1ol<\/label><\/li><li class=\"choice-3 depth-1\"><input type=\"radio\" id=\"wpforms-6673-field_5_3\" name=\"wpforms[fields][5]\" value=\"Solo transporte\" aria-errormessage=\"wpforms-6673-field_5_3-error\"  ><label class=\"wpforms-field-label-inline\" for=\"wpforms-6673-field_5_3\">Solo transporte<\/label><\/li><li class=\"choice-4 depth-1\"><input type=\"radio\" id=\"wpforms-6673-field_5_4\" name=\"wpforms[fields][5]\" value=\"Ruta personalizada\" aria-errormessage=\"wpforms-6673-field_5_4-error\"  ><label class=\"wpforms-field-label-inline\" for=\"wpforms-6673-field_5_4\">Ruta personalizada<\/label><\/li><\/ul><\/fieldset><\/div><div id=\"wpforms-6673-field_12-container\" class=\"wpforms-field wpforms-field-select wpforms-field-select-style-classic\" data-field-type=\"select\" data-field-id=\"12\"><label class=\"wpforms-field-label\" for=\"wpforms-6673-field_12\">Presupuesto estimado total para el viaje (en euros) <span class=\"wpforms-required-label\" aria-hidden=\"true\">*<\/span><\/label><select id=\"wpforms-6673-field_12\" class=\"wpforms-field-medium wpforms-field-required\" name=\"wpforms[fields][12]\" required=\"required\"><option value=\"\" class=\"placeholder\" disabled  selected='selected'>&#8212; Seleccione una opci\u00f3n &#8212;<\/option><option value=\"Hasta 3.000 \u20ac\"  class=\"choice-1 depth-1\"  >Hasta 3.000 \u20ac<\/option><option value=\"3.001 a 5.000 \u20ac\"  class=\"choice-2 depth-1\"  >3.001 a 5.000 \u20ac<\/option><option value=\"5.001 a 8.000 \u20ac\"  class=\"choice-3 depth-1\"  >5.001 a 8.000 \u20ac<\/option><option value=\"8.001 a 13.000 \u20ac\"  class=\"choice-4 depth-1\"  >8.001 a 13.000 \u20ac<\/option><option value=\"13.001 a 18.000 \u20ac\"  class=\"choice-5 depth-1\"  >13.001 a 18.000 \u20ac<\/option><option value=\"18.001 a 23.000 \u20ac\"  class=\"choice-6 depth-1\"  >18.001 a 23.000 \u20ac<\/option><option value=\"23.001 a 28.000 \u20ac\"  class=\"choice-7 depth-1\"  >23.001 a 28.000 \u20ac<\/option><option value=\"28.001 a 33.000 \u20ac\"  class=\"choice-8 depth-1\"  >28.001 a 33.000 \u20ac<\/option><option value=\"33.001 a 38.000 \u20ac\"  class=\"choice-9 depth-1\"  >33.001 a 38.000 \u20ac<\/option><option value=\"38.001 a 43.000 \u20ac\"  class=\"choice-10 depth-1\"  >38.001 a 43.000 \u20ac<\/option><option value=\"M\u00e1s de 40.000 \u20ac\"  class=\"choice-11 depth-1\"  >M\u00e1s de 40.000 \u20ac<\/option><\/select><\/div><div id=\"wpforms-6673-field_2-container\" class=\"wpforms-field wpforms-field-textarea\" data-field-type=\"textarea\" data-field-id=\"2\"><label class=\"wpforms-field-label wpforms-label-hide\" for=\"wpforms-6673-field_2\" aria-hidden=\"false\">\u00bfQu\u00e9 busca para su viaje?  <span class=\"wpforms-required-label\" aria-hidden=\"true\">*<\/span><\/label><textarea id=\"wpforms-6673-field_2\" class=\"wpforms-field-medium wpforms-field-required\" name=\"wpforms[fields][2]\" placeholder=\"\u00bfQu\u00e9 busca para su viaje? \" aria-errormessage=\"wpforms-6673-field_2-error\" required><\/textarea><\/div>\t\t<div id=\"wpforms-6673-field_3-container\"\n\t\t\tclass=\"wpforms-field wpforms-field-text\"\n\t\t\tdata-field-type=\"text\"\n\t\t\tdata-field-id=\"3\"\n\t\t\t>\n\t\t\t<label class=\"wpforms-field-label\" for=\"wpforms-6673-field_3\" >quiere entrada para<\/label>\n\t\t\t<input type=\"text\" id=\"wpforms-6673-field_3\" class=\"wpforms-field-medium\" name=\"wpforms[fields][3]\" >\n\t\t<\/div>\n\t\t<div id=\"wpforms-6673-field_6-container\" class=\"wpforms-field wpforms-field-hidden\" data-field-type=\"hidden\" data-field-id=\"6\"><input type=\"hidden\" id=\"wpforms-6673-field_6\" name=\"wpforms[fields][6]\"><\/div><div id=\"wpforms-6673-field_8-container\" class=\"wpforms-field wpforms-field-hidden\" data-field-type=\"hidden\" data-field-id=\"8\"><input type=\"hidden\" id=\"wpforms-6673-field_8\" name=\"wpforms[fields][8]\" value=\"216.73.216.42   Columbus, Ohio, US\r\n39.9587, -82.9987\"><\/div><div id=\"wpforms-6673-field_9-container\" class=\"wpforms-field wpforms-field-hidden\" data-field-type=\"hidden\" data-field-id=\"9\"><input type=\"hidden\" id=\"wpforms-6673-field_9\" name=\"wpforms[fields][9]\" value=\"{entry_user_journey}\"><\/div><div id=\"wpforms-6673-field_13-container\" class=\"wpforms-field wpforms-field-hidden\" data-field-type=\"hidden\" data-field-id=\"13\"><input type=\"hidden\" id=\"wpforms-6673-field_13\" name=\"wpforms[fields][13]\" value=\" \"><\/div><div id=\"wpforms-6673-field_14-container\" class=\"wpforms-field wpforms-field-hidden\" data-field-type=\"hidden\" data-field-id=\"14\"><input type=\"hidden\" id=\"wpforms-6673-field_14\" name=\"wpforms[fields][14]\" value=\"utm_source\tutm_medium\tutm_campaign\tutm_content\tutm_term\tgclid\tfbclid\t\"><\/div><div id=\"wpforms-6673-field_15-container\" class=\"wpforms-field wpforms-field-hidden\" data-field-type=\"hidden\" data-field-id=\"15\"><input type=\"hidden\" id=\"wpforms-6673-field_15\" name=\"wpforms[fields][15]\"><\/div><script>\n\t\t\t\t( function() {\n\t\t\t\t\tconst style = document.createElement( 'style' );\n\t\t\t\t\tstyle.appendChild( document.createTextNode( '#wpforms-6673-field_3-container { position: absolute !important; overflow: hidden !important; display: inline !important; height: 1px !important; width: 1px !important; z-index: -1000 !important; padding: 0 !important; } #wpforms-6673-field_3-container input { visibility: hidden; } #wpforms-conversational-form-page #wpforms-6673-field_3-container label { counter-increment: none; }' ) );\n\t\t\t\t\tdocument.head.appendChild( style );\n\t\t\t\t\tdocument.currentScript?.remove();\n\t\t\t\t} )();\n\t\t\t<\/script><\/div><!-- .wpforms-field-container --><div class=\"wpforms-recaptcha-container wpforms-is-recaptcha wpforms-is-recaptcha-type-v2\" ><div class=\"g-recaptcha\" data-sitekey=\"6LfBokYrAAAAAOv5cKUbpqSv5EZQIrEtNlUMORJ8\"><\/div><input type=\"text\" name=\"g-recaptcha-hidden\" class=\"wpforms-recaptcha-hidden\" style=\"position:absolute!important;clip:rect(0,0,0,0)!important;height:1px!important;width:1px!important;border:0!important;overflow:hidden!important;padding:0!important;margin:0!important;\" data-rule-recaptcha=\"1\"><\/div><div class=\"wpforms-submit-container\" ><input type=\"hidden\" name=\"wpforms[id]\" value=\"6673\"><input type=\"hidden\" name=\"page_title\" value=\"\"><input type=\"hidden\" name=\"page_url\" value=\"https:\/\/viagemalemanha.com\/es\/wp-json\/wp\/v2\/servico\/53729\"><input type=\"hidden\" name=\"url_referer\" value=\"\"><button type=\"submit\" name=\"wpforms[submit]\" id=\"wpforms-submit-6673\" class=\"wpforms-submit\" data-alt-text=\"Enviando...\" data-submit-text=\"Enviar\" aria-live=\"assertive\" value=\"wpforms-submit\">Enviar<\/button><\/div><\/form><\/div>  <!-- .wpforms-container --><\/div>\n<\/div>\n\n<div class=\"gb-element-07050e31\">\n<div class=\"gb-element-70c38b53\">\n<h2 class=\"gb-text gb-text-30d8604a\">Y mucho m\u00e1s&#8230;<\/h2>\n<\/div>\n\n\n\n<div class=\"gb-element-9eaa6cee\">\n\n<div id=\"post-type-loop-block_01a8b0e79352f4832850c63121faaed3\" class=\"post-type-loop onserp-block featured-list lg:grid lg:grid-cols-12 gap-8 relative pb-16\" data-instance=\"fl-block_01a8b0-servico\" data-always-swiper=\"1\">\n            <!-- Featured post (left side) -->\n        <div class=\"col-span-6 mb-4 lg:mb-0 featured-post flex\">\n            \n <article id=\"servico-45683\" class=\"post-item flex flex-col bg-white post-45683 servico type-servico status-publish has-post-thumbnail hentry\" role=\"article\" itemscope itemtype=\"https:\/\/schema.org\/Service\">\n\t <div class=\"w-full\" aria-hidden=\"true\">\n\t\t <img decoding=\"async\" width=\"768\" height=\"519\" src=\"https:\/\/viagemalemanha.com\/wp-content\/uploads\/2025\/05\/mannheim-8000879_1280-768x519.jpg\" class=\"w-full h-full object-cover wp-post-image\" alt=\"Consultor\u00eda de viajes\" itemprop=\"image\" srcset=\"https:\/\/viagemalemanha.com\/wp-content\/uploads\/2025\/05\/mannheim-8000879_1280-768x519.jpg 768w, https:\/\/viagemalemanha.com\/wp-content\/uploads\/2025\/05\/mannheim-8000879_1280-300x203.jpg 300w, https:\/\/viagemalemanha.com\/wp-content\/uploads\/2025\/05\/mannheim-8000879_1280-1024x692.jpg 1024w, https:\/\/viagemalemanha.com\/wp-content\/uploads\/2025\/05\/mannheim-8000879_1280.jpg 1280w\" sizes=\"(max-width: 768px) 100vw, 768px\" \/>\t <\/div>\n\t <div class=\"w-full p-4 flex-1 flex flex-col justify-between\">\n\t\t <h3 class=\"text-xl lg:text-2xl mb-4 text-secondary\" itemprop=\"name\">Consultor\u00eda de viajes<\/h3>\n\n\t\t \t\t\t <div class=\"mb-4 text-light-foreground\">\n\t\t\t\t \u00bfSue\u00f1a con viajar a Alemania, pero no sabe por d\u00f3nde empezar? Nuestra consultor\u00eda de viajes personalizada es la soluci\u00f3n ideal para transformar su sue\u00f1o en una experiencia inolvidable \u2013 con&#8230;\t\t\t <\/div>\n\t\t \n\t\t <div class=\"inline-flex\">\n\t\t\t <a class=\"button button-light \" href=\"https:\/\/viagemalemanha.com\/es\/servicios\/consultoria-de-viajes\/\" aria-label=\"Saiba mais sobre Consultor\u00eda de viajes\" itemprop=\"url\">\n\t\t\t\t Saber m\u00e1s\t\t\t <\/a>\n\t\t <\/div>\n\n\t\t \t\t\t <link itemprop=\"mainEntityOfPage\" href=\"https:\/\/viagemalemanha.com\/es\/servicios\/consultoria-de-viajes\/\" \/>\n\t\t \n\t <\/div>\n <\/article>\n        <\/div>\n    \n    <!-- Other posts (right side) -->\n    <div class=\"col-span-6 secondary-posts-container flex\">\n        <div class=\"grid grid-cols-1 gap-4 secondary-posts\">\n                            \n <article id=\"servico-53722\" class=\"post-item flex flex-col bg-white post-53722 servico type-servico status-publish has-post-thumbnail hentry\" role=\"article\" itemscope itemtype=\"https:\/\/schema.org\/Service\">\n\t <div class=\"w-full h-36\" aria-hidden=\"true\">\n\t\t <img decoding=\"async\" width=\"768\" height=\"514\" src=\"https:\/\/viagemalemanha.com\/wp-content\/uploads\/2019\/11\/bacharach_viagemalemanha-768x514.jpg\" class=\"w-full h-full object-cover wp-post-image\" alt=\"Viaje personalizado: Paquete completo en Alemania, Suiza y Austria\" itemprop=\"image\" srcset=\"https:\/\/viagemalemanha.com\/wp-content\/uploads\/2019\/11\/bacharach_viagemalemanha-768x514.jpg 768w, https:\/\/viagemalemanha.com\/wp-content\/uploads\/2019\/11\/bacharach_viagemalemanha-300x201.jpg 300w, https:\/\/viagemalemanha.com\/wp-content\/uploads\/2019\/11\/bacharach_viagemalemanha-1024x686.jpg 1024w, https:\/\/viagemalemanha.com\/wp-content\/uploads\/2019\/11\/bacharach_viagemalemanha-1536x1028.jpg 1536w, https:\/\/viagemalemanha.com\/wp-content\/uploads\/2019\/11\/bacharach_viagemalemanha.jpg 1685w\" sizes=\"(max-width: 768px) 100vw, 768px\" \/>\t <\/div>\n\t <div class=\"w-full p-4 flex-1 flex flex-col justify-between\">\n\t\t <h3 class=\" mb-4 text-secondary\" itemprop=\"name\">Viaje personalizado: Paquete completo en Alemania, Suiza y Austria<\/h3>\n\n\t\t \t\t\t <div class=\"mb-4 text-light-foreground\">\n\t\t\t\t \u00a1Hallo! \u00a1Bienvenido! Si ha llegado hasta aqu\u00ed, es porque est\u00e1 buscando un viaje verdaderamente especial. Y eso es exactamente lo que ofrecemos. Ofrecemos&nbsp;Paquetes de viajes privados en Alemania que son&#8230;\t\t\t <\/div>\n\t\t \n\t\t <div class=\"inline-flex\">\n\t\t\t <a class=\"button button-light button-small\" href=\"https:\/\/viagemalemanha.com\/es\/servicios\/viaje-personalizado-paquete-completo-en-alemania-suiza-y-austria\/\" aria-label=\"Saiba mais sobre Viaje personalizado: Paquete completo en Alemania, Suiza y Austria\" itemprop=\"url\">\n\t\t\t\t Saber m\u00e1s\t\t\t <\/a>\n\t\t <\/div>\n\n\t\t \t\t\t <link itemprop=\"mainEntityOfPage\" href=\"https:\/\/viagemalemanha.com\/es\/servicios\/viaje-personalizado-paquete-completo-en-alemania-suiza-y-austria\/\" \/>\n\t\t \n\t <\/div>\n <\/article>\n                            \n <article id=\"servico-53723\" class=\"post-item flex flex-col bg-white post-53723 servico type-servico status-publish has-post-thumbnail hentry\" role=\"article\" itemscope itemtype=\"https:\/\/schema.org\/Service\">\n\t <div class=\"w-full h-36\" aria-hidden=\"true\">\n\t\t <img decoding=\"async\" width=\"768\" height=\"508\" src=\"https:\/\/viagemalemanha.com\/wp-content\/uploads\/2025\/05\/berlim-berlin-alemanha-passeiosguiados-viagemalemanha-768x508.jpg\" class=\"w-full h-full object-cover wp-post-image\" alt=\"Viva Alemania: Inmersi\u00f3n y Descubrimiento\" itemprop=\"image\" srcset=\"https:\/\/viagemalemanha.com\/wp-content\/uploads\/2025\/05\/berlim-berlin-alemanha-passeiosguiados-viagemalemanha-768x508.jpg 768w, https:\/\/viagemalemanha.com\/wp-content\/uploads\/2025\/05\/berlim-berlin-alemanha-passeiosguiados-viagemalemanha-300x199.jpg 300w, https:\/\/viagemalemanha.com\/wp-content\/uploads\/2025\/05\/berlim-berlin-alemanha-passeiosguiados-viagemalemanha-1024x678.jpg 1024w, https:\/\/viagemalemanha.com\/wp-content\/uploads\/2025\/05\/berlim-berlin-alemanha-passeiosguiados-viagemalemanha.jpg 1280w\" sizes=\"(max-width: 768px) 100vw, 768px\" \/>\t <\/div>\n\t <div class=\"w-full p-4 flex-1 flex flex-col justify-between\">\n\t\t <h3 class=\" mb-4 text-secondary\" itemprop=\"name\">Viva Alemania: Inmersi\u00f3n y Descubrimiento<\/h3>\n\n\t\t \t\t\t <div class=\"mb-4 text-light-foreground\">\n\t\t\t\t \u00bfSu sue\u00f1o es pasar unas largas vacaciones en Alemania, sumergi\u00e9ndose por completo en la cultura y la vida cotidiana alemanas? \u00a1Le presentamos nuestro servicio Viva Alemania: Inmersi\u00f3n y Descubrimiento! &#8230;&#8230;\t\t\t <\/div>\n\t\t \n\t\t <div class=\"inline-flex\">\n\t\t\t <a class=\"button button-light button-small\" href=\"https:\/\/viagemalemanha.com\/es\/servicios\/viva-alemania-inmersion-y-descubrimiento\/\" aria-label=\"Saiba mais sobre Viva Alemania: Inmersi\u00f3n y Descubrimiento\" itemprop=\"url\">\n\t\t\t\t Saber m\u00e1s\t\t\t <\/a>\n\t\t <\/div>\n\n\t\t \t\t\t <link itemprop=\"mainEntityOfPage\" href=\"https:\/\/viagemalemanha.com\/es\/servicios\/viva-alemania-inmersion-y-descubrimiento\/\" \/>\n\t\t \n\t <\/div>\n <\/article>\n                    <\/div>\n\n        <!-- Controles de navega\u00e7\u00e3o para o swiper (vis\u00edveis apenas quando o swiper estiver ativo) -->\n        <div class=\"navigation-controls hidden select-none\" data-instance=\"fl-block_01a8b0-servico\">\n            <div class=\"absolute flex bottom-0 left-0 h-[var(--swiper-navigation-size)] lg:-top-12 lg:right-0 lg:bottom-auto lg:left-auto\">\n                <div class=\"swiper-button-prev nav-prev-fl-block_01a8b0-servico\">\n                    <svg class=\"transform rotate-180 text-secondary\" xmlns=\"http:\/\/www.w3.org\/2000\/svg\">\n                        <use href=\"#icon-arrow\"><\/use>\n                    <\/svg>\n                <\/div>\n                <div class=\"swiper-button-next nav-next-fl-block_01a8b0-servico\">\n                    <svg class=\"text-secondary\" xmlns=\"http:\/\/www.w3.org\/2000\/svg\">\n                        <use href=\"#icon-arrow\"><\/use>\n                    <\/svg>\n                <\/div>\n            <\/div>\n        <\/div>\n    <\/div>\n<\/div>\n\n<\/div>\n<\/div>\n\n<section class=\"gb-element-0495a3d2\">\n<div class=\"gb-element-66ae7c72\">\n<h2 class=\"gb-text gb-text-bb140629\">Nuestros Viajeros<\/h2>\n\n\n\n<div class=\"gb-element-eafa2e43\">\n<div id=\"tripadvisor-reviews-block_dad5f4ac3f52e4a44f566bdde697a66a\" class=\"tripadvisor-reviews-block onserp-block relative pb-16 lg:pb-8 w-full grid\">\n            <div class=\"tripadvisor-reviews tripadvisor-reviews reviews-slider swiper w-full h-full\" data-instance=\"tripadvisor-reviews-block_dad5f4ac3f52e4a44f566bdde697a66a\" data-layout=\"slider\" data-reviews-per-slide=\"2\">\n            <div class=\"swiper-wrapper\">\n                                    \n                    \n                    <div class=\"swiper-slide !h-auto bg-white\">\n                        <div class=\"post-item tripadvisor-review flex lg:flex-row flex-col h-full post-58600 depoimento type-depoimento status-publish hentry\" data-review-id=\"58600\" data-review-type=\"facebook\">\n                            \n                            <div class=\"review-content-wrapper flex flex-col h-full p-5 select-none basis-0 grow shrink\">\n                                <div class=\"review-header grow-0\">\n                                    <h3 class=\"review-title text-base lg:text-xl text-secondary\">Juliano Stocchero recomienda Viaje Alemania<\/h3>\n\n                                    <!-- Rating stars -->\n                                    <div class=\"review-rating text-xl text-yellow-400 my-2\">\n                                                                                    \u2605                                                                                    \u2605                                                                                    \u2605                                                                                    \u2605                                                                                    \u2605                                                                            <\/div>\n                                <\/div>\n\n                                <!-- Review text -->\n                                <div class=\"review-content pt-2 pb-4 grow\">\n                                    <div class=\"text-light-foreground text-sm lg:text-base line-clamp-6\">\n                                        \u201cQuiero agradecer a Rafaela y a Thomas por el cari\u00f1o, profesionalismo, dedicaci\u00f3n y todo lo que hicieron para hacer que nuestro primer viaje a Alemania sea inolvidable! Tambi\u00e9n agradezco la tarjeta de Navidad enviada.\u201d                                    <\/div>\n                                <\/div>\n\n                                <!-- Reviewer info -->\n                                <div class=\"review-footer grow-0\">\n                                    <div class=\"review-meta flex gap-2 text-sm lg:text-base items-center text-gray-600\">\n                                                                                <span class=\"reviewer font-medium\">Juliano Stocchero<\/span>\n                                    <\/div>\n\n                                    <!-- Review link -->\n                                    <div class=\"review-source text-xs mt-4 text-right\">\n                                                                                    <a href=\"https:\/\/www.facebook.com\/juliano.stocchero\/posts\/pfbid02Hcb7KaWLD5HFqdAV7NM6TX78mt65vFQ5E6ZfmPU7K8NW6yVFkVXJY4M1Db2JKxYJl?__cft__%5B0%5D=AZbjtMi70Pi-RP8AwCSUM_RsFvTA2LsQJWs7h2VpS0hzMwdkd3WftIaHelUlvsUui9XFuDvN45dj4_WfN0oDkyEZEccDYTttWyE3i4t-1JeOBA&#038;__tn__=%2CO%2CP-R\" target=\"_blank\" rel=\"nofollow noreferrer noopener\" class=\"text-gray-500\">\n                                                Ver en Facebook                                            <\/a>\n                                                                            <\/div>\n                                <\/div>\n                            <\/div>\n                        <\/div>\n                    <\/div>\n                                    \n                    \n                    <div class=\"swiper-slide !h-auto bg-white\">\n                        <div class=\"post-item tripadvisor-review flex lg:flex-row flex-col h-full post-58620 depoimento type-depoimento status-publish hentry\" data-review-id=\"58620\" data-review-type=\"tripadvisor\">\n                            \n                            <div class=\"review-content-wrapper flex flex-col h-full p-5 select-none basis-0 grow shrink\">\n                                <div class=\"review-header grow-0\">\n                                    <h3 class=\"review-title text-base lg:text-xl text-secondary\">City Tour en Hamburgo<\/h3>\n\n                                    <!-- Rating stars -->\n                                    <div class=\"review-rating text-xl text-yellow-400 my-2\">\n                                                                                    \u2605                                                                                    \u2605                                                                                    \u2605                                                                                    \u2605                                                                                    \u2605                                                                            <\/div>\n                                <\/div>\n\n                                <!-- Review text -->\n                                <div class=\"review-content pt-2 pb-4 grow\">\n                                    <div class=\"text-light-foreground text-sm lg:text-base line-clamp-6\">\n                                        \u201cExcelente tour en Hamburgo. El gu\u00eda Raphael fue extremadamente \u00e1gil, atento, mostr\u00e1ndonos los principales puntos tur\u00edsticos de la ciudad, nos recogi\u00f3 en el Puerto de Kiel donde llegamos en barco y nos llev\u00f3 hasta el aeropuerto. A pesar del poco tiempo que ten\u00edamos, logramos organizar&#8230;\u201d                                    <\/div>\n                                <\/div>\n\n                                <!-- Reviewer info -->\n                                <div class=\"review-footer grow-0\">\n                                    <div class=\"review-meta flex gap-2 text-sm lg:text-base items-center text-gray-600\">\n                                                                                <span class=\"reviewer font-medium\">Simone P<\/span>\n                                    <\/div>\n\n                                    <!-- Review link -->\n                                    <div class=\"review-source text-xs mt-4 text-right\">\n                                                                                    <a href=\"https:\/\/www.tripadvisor.com.br\/ShowUserReviews-g187331-d13511163-r707942744-Reviews-Viagem_Alemanha-Hamburg.html?m=66827#review707942744\" target=\"_blank\" rel=\"nofollow noreferrer noopener\" class=\"text-gray-500\">\n                                                Ver en TripAdvisor                                            <\/a>\n                                                                            <\/div>\n                                <\/div>\n                            <\/div>\n                        <\/div>\n                    <\/div>\n                                    \n                    \n                    <div class=\"swiper-slide !h-auto bg-white\">\n                        <div class=\"post-item tripadvisor-review flex lg:flex-row flex-col h-full post-58608 depoimento type-depoimento status-publish has-post-thumbnail hentry\" data-review-id=\"58608\" data-review-type=\"tripadvisor\">\n                                                            <div class=\"review-thumbnail h-72 lg:h-auto w-full lg:w-5\/11\">\n                                    <img decoding=\"async\" width=\"1024\" height=\"768\" src=\"https:\/\/viagemalemanha.com\/wp-content\/uploads\/2025\/06\/Viagem-dos-sonhos-de-conversivel-pela-Alemanha-depoimento-viagem-alemanha-3-1024x768.jpg\" class=\"w-full h-full object-cover wp-post-image\" alt=\"\" srcset=\"https:\/\/viagemalemanha.com\/wp-content\/uploads\/2025\/06\/Viagem-dos-sonhos-de-conversivel-pela-Alemanha-depoimento-viagem-alemanha-3-1024x768.jpg 1024w, https:\/\/viagemalemanha.com\/wp-content\/uploads\/2025\/06\/Viagem-dos-sonhos-de-conversivel-pela-Alemanha-depoimento-viagem-alemanha-3-300x225.jpg 300w, https:\/\/viagemalemanha.com\/wp-content\/uploads\/2025\/06\/Viagem-dos-sonhos-de-conversivel-pela-Alemanha-depoimento-viagem-alemanha-3-768x576.jpg 768w, https:\/\/viagemalemanha.com\/wp-content\/uploads\/2025\/06\/Viagem-dos-sonhos-de-conversivel-pela-Alemanha-depoimento-viagem-alemanha-3.jpg 1280w\" sizes=\"(max-width: 1024px) 100vw, 1024px\" \/>                                <\/div>\n                            \n                            <div class=\"review-content-wrapper flex flex-col h-full p-5 select-none basis-0 grow shrink\">\n                                <div class=\"review-header grow-0\">\n                                    <h3 class=\"review-title text-base lg:text-xl text-secondary\">Viaje de ensue\u00f1o en descapotable por Alemania<\/h3>\n\n                                    <!-- Rating stars -->\n                                    <div class=\"review-rating text-xl text-yellow-400 my-2\">\n                                                                                    \u2605                                                                                    \u2605                                                                                    \u2605                                                                                    \u2605                                                                                    \u2605                                                                            <\/div>\n                                <\/div>\n\n                                <!-- Review text -->\n                                <div class=\"review-content pt-2 pb-4 grow\">\n                                    <div class=\"text-light-foreground text-sm lg:text-base line-clamp-6\">\n                                        \u201c\u00a1Viaje perfecta! Hicimos un viaje con 10 parejas y puedo decir que fue \u00a1PERFECTO! \u00a1El equipo se ocup\u00f3 de todo con el m\u00ednimo detalle, con mucho esmero y dedicaci\u00f3n!\u201d                                    <\/div>\n                                <\/div>\n\n                                <!-- Reviewer info -->\n                                <div class=\"review-footer grow-0\">\n                                    <div class=\"review-meta flex gap-2 text-sm lg:text-base items-center text-gray-600\">\n                                                                                <span class=\"reviewer font-medium\">Gracebastos7l<\/span>\n                                    <\/div>\n\n                                    <!-- Review link -->\n                                    <div class=\"review-source text-xs mt-4 text-right\">\n                                                                                    <a href=\"https:\/\/www.tripadvisor.com.br\/ShowUserReviews-g187331-d13511163-r1013311096-Reviews-Viagem_Alemanha-Hamburg.html?m=66827#review1013311096\" target=\"_blank\" rel=\"nofollow noreferrer noopener\" class=\"text-gray-500\">\n                                                Ver en TripAdvisor                                            <\/a>\n                                                                            <\/div>\n                                <\/div>\n                            <\/div>\n                        <\/div>\n                    <\/div>\n                                    \n                    \n                    <div class=\"swiper-slide !h-auto bg-white\">\n                        <div class=\"post-item tripadvisor-review flex lg:flex-row flex-col h-full post-58583 depoimento type-depoimento status-publish hentry\" data-review-id=\"58583\" data-review-type=\"site\">\n                            \n                            <div class=\"review-content-wrapper flex flex-col h-full p-5 select-none basis-0 grow shrink\">\n                                <div class=\"review-header grow-0\">\n                                    <h3 class=\"review-title text-base lg:text-xl text-secondary\">Aline Principe dijo:<\/h3>\n\n                                    <!-- Rating stars -->\n                                    <div class=\"review-rating text-xl text-yellow-400 my-2\">\n                                                                                    \u2605                                                                                    \u2605                                                                                    \u2605                                                                                    \u2605                                                                                    \u2605                                                                            <\/div>\n                                <\/div>\n\n                                <!-- Review text -->\n                                <div class=\"review-content pt-2 pb-4 grow\">\n                                    <div class=\"text-light-foreground text-sm lg:text-base line-clamp-6\">\n                                        \u201c\u00a1Tour impecable! Se adapt\u00f3 a nuestro ritmo, elabor\u00f3 un itinerario s\u00faper personalizado\u2026 Explic\u00f3 todos los lugares con mucha atenci\u00f3n y sab\u00eda absolutamente todo sobre la historia de Alemania y tambi\u00e9n sobre todo lo que estaba sucediendo en la actualidad. \u00a1Adem\u00e1s, recibimos souvenirs\u2026 Nota 10000!!!\u201d                                    <\/div>\n                                <\/div>\n\n                                <!-- Reviewer info -->\n                                <div class=\"review-footer grow-0\">\n                                    <div class=\"review-meta flex gap-2 text-sm lg:text-base items-center text-gray-600\">\n                                                                                    <div class=\"reviewer-avatar\">\n                                                <img decoding=\"async\" src=\"https:\/\/www.gravatar.com\/avatar\/171fc4873cbff04c92f5ab7e21ab9a80?s=60&#038;d=mp\" alt=\"Aline Principe\" class=\"rounded-full w-12 h-12\" \/>\n                                            <\/div>\n                                                                                <span class=\"reviewer font-medium\">Aline Principe<\/span>\n                                    <\/div>\n\n                                    <!-- Review link -->\n                                    <div class=\"review-source text-xs mt-4 text-right\">\n                                                                                    <button class=\"view-review-media cursor-pointer underline text-gray-500\" data-review-id=\"58583\">\n                                                Ver opini\u00f3n completa                                            <\/button>\n                                                                            <\/div>\n                                <\/div>\n                            <\/div>\n                        <\/div>\n                    <\/div>\n                                    \n                    \n                    <div class=\"swiper-slide !h-auto bg-white\">\n                        <div class=\"post-item tripadvisor-review flex lg:flex-row flex-col h-full post-58588 depoimento type-depoimento status-publish hentry\" data-review-id=\"58588\" data-review-type=\"site\">\n                            \n                            <div class=\"review-content-wrapper flex flex-col h-full p-5 select-none basis-0 grow shrink\">\n                                <div class=\"review-header grow-0\">\n                                    <h3 class=\"review-title text-base lg:text-xl text-secondary\">Cristina Helito dijo:<\/h3>\n\n                                    <!-- Rating stars -->\n                                    <div class=\"review-rating text-xl text-yellow-400 my-2\">\n                                                                                    \u2605                                                                                    \u2605                                                                                    \u2605                                                                                    \u2605                                                                                    \u2605                                                                            <\/div>\n                                <\/div>\n\n                                <!-- Review text -->\n                                <div class=\"review-content pt-2 pb-4 grow\">\n                                    <div class=\"text-light-foreground text-sm lg:text-base line-clamp-6\">\n                                        \u201cQuisiera agradecer y recomendar a la gu\u00eda Rafaella de \u201cviaje Hamburgo\u201d y \u201cviaje Alemania\u201d. Mi esposo y yo estuvimos en Hamburgo durante dos d\u00edas y recibimos una excelente asesor\u00eda. Rafaella demostr\u00f3 estar muy preparada con contenido hist\u00f3rico y curiosidades sobre cada punto interesante en el&#8230;\u201d                                    <\/div>\n                                <\/div>\n\n                                <!-- Reviewer info -->\n                                <div class=\"review-footer grow-0\">\n                                    <div class=\"review-meta flex gap-2 text-sm lg:text-base items-center text-gray-600\">\n                                                                                    <div class=\"reviewer-avatar\">\n                                                <img decoding=\"async\" src=\"https:\/\/www.gravatar.com\/avatar\/121b7a0dc6b387e72aebd98ad6fd458d?s=60&#038;d=mp\" alt=\"Cristina Helito\" class=\"rounded-full w-12 h-12\" \/>\n                                            <\/div>\n                                                                                <span class=\"reviewer font-medium\">Cristina Helito<\/span>\n                                    <\/div>\n\n                                    <!-- Review link -->\n                                    <div class=\"review-source text-xs mt-4 text-right\">\n                                                                                    <button class=\"view-review-media cursor-pointer underline text-gray-500\" data-review-id=\"58588\">\n                                                Ver opini\u00f3n completa                                            <\/button>\n                                                                            <\/div>\n                                <\/div>\n                            <\/div>\n                        <\/div>\n                    <\/div>\n                                    \n                    \n                    <div class=\"swiper-slide !h-auto bg-white\">\n                        <div class=\"post-item tripadvisor-review flex lg:flex-row flex-col h-full post-58593 depoimento type-depoimento status-publish hentry\" data-review-id=\"58593\" data-review-type=\"site\">\n                            \n                            <div class=\"review-content-wrapper flex flex-col h-full p-5 select-none basis-0 grow shrink\">\n                                <div class=\"review-header grow-0\">\n                                    <h3 class=\"review-title text-base lg:text-xl text-secondary\">Andrea Holanda dijo:<\/h3>\n\n                                    <!-- Rating stars -->\n                                    <div class=\"review-rating text-xl text-yellow-400 my-2\">\n                                                                                    \u2605                                                                                    \u2605                                                                                    \u2605                                                                                    \u2605                                                                                    \u2605                                                                            <\/div>\n                                <\/div>\n\n                                <!-- Review text -->\n                                <div class=\"review-content pt-2 pb-4 grow\">\n                                    <div class=\"text-light-foreground text-sm lg:text-base line-clamp-6\">\n                                        \u201cQueremos agradecer inmensamente a los Rafas por el cari\u00f1o, profesionalismo y maravilloso itinerario que nos prepararon\u2026 Fueron 14 d\u00edas incre\u00edbles e inolvidables, al lado de gu\u00edas altamente preparados y capacitados, donde la realidad super\u00f3 mucho nuestras expectativas\u2026 Nos mostraron Alemania, su historia y particularidades desde&#8230;\u201d                                    <\/div>\n                                <\/div>\n\n                                <!-- Reviewer info -->\n                                <div class=\"review-footer grow-0\">\n                                    <div class=\"review-meta flex gap-2 text-sm lg:text-base items-center text-gray-600\">\n                                                                                    <div class=\"reviewer-avatar\">\n                                                <img decoding=\"async\" src=\"https:\/\/www.gravatar.com\/avatar\/1b17acbccc0bbb98e322341c9a9c171f?s=60&#038;d=mp\" alt=\"Andrea Holanda\" class=\"rounded-full w-12 h-12\" \/>\n                                            <\/div>\n                                                                                <span class=\"reviewer font-medium\">Andrea Holanda<\/span>\n                                    <\/div>\n\n                                    <!-- Review link -->\n                                    <div class=\"review-source text-xs mt-4 text-right\">\n                                                                                    <button class=\"view-review-media cursor-pointer underline text-gray-500\" data-review-id=\"58593\">\n                                                Ver opini\u00f3n completa                                            <\/button>\n                                                                            <\/div>\n                                <\/div>\n                            <\/div>\n                        <\/div>\n                    <\/div>\n                            <\/div>\n        <\/div>\n\t\t\t\t\t<div class=\"navigation-controls select-none\" data-instance=\"tripadvisor-reviews-block_dad5f4ac3f52e4a44f566bdde697a66a\">\n\t\t\t\t<div class=\"absolute flex bottom-0 left-0 h-(--swiper-navigation-size) lg:-top-12 lg:right-0 lg:bottom-auto lg:left-auto\">\n\t\t\t\t\t<div class=\"swiper-button-prev nav-prev-tripadvisor-reviews-block_dad5f4ac3f52e4a44f566bdde697a66a\">\n\t\t\t\t\t\t<svg class=\"transform rotate-180 text-secondary\" xmlns=\"http:\/\/www.w3.org\/2000\/svg\">\n\t\t\t\t\t\t\t<use href=\"#icon-arrow\"><\/use>\n\t\t\t\t\t\t<\/svg>\n\t\t\t\t\t<\/div>\n\t\t\t\t\t<div class=\"swiper-button-next nav-next-tripadvisor-reviews-block_dad5f4ac3f52e4a44f566bdde697a66a\">\n\t\t\t\t\t\t<svg class=\"text-secondary\" xmlns=\"http:\/\/www.w3.org\/2000\/svg\">\n\t\t\t\t\t\t\t<use href=\"#icon-arrow\"><\/use>\n\t\t\t\t\t\t<\/svg>\n\t\t\t\t\t<\/div>\n\t\t\t\t<\/div>\n\t\t\t<\/div>\n\t\t    \n    <\/div>\n\n<!-- Modal for review media -->\n<dialog class=\"modal review-media-modal\" id=\"review-media-modal-tripadvisor-reviews-block_dad5f4ac3f52e4a44f566bdde697a66a\">\n    <div class=\"modal-box max-w-3xl max-h-[90vh]\">\n        <form method=\"dialog\">\n            <button class=\"absolute right-2 top-2 cursor-pointer\">\u2715<\/button>\n        <\/form>\n        <h3 class=\"text-xl lg:text-2xl modal-title mb-4 text-secondary\"><\/h3>\n        <div class=\"modal-body\">\n            <div class=\"review-full-content mb-4 lg:mb-6 text-sm lg:text-base text-secondary\"><\/div>\n            <div class=\"media-gallery\">\n                <div class=\"photos-swiper swiper mb-4 select-none\">\n                    <div class=\"swiper-wrapper\"><\/div>\n                    <div class=\"swiper-button-prev\">\n\t\t\t\t\t\t<svg class=\"transform rotate-180\" xmlns=\"http:\/\/www.w3.org\/2000\/svg\">\n\t\t\t\t\t\t\t<use href=\"#icon-arrow\"><\/use>\n\t\t\t\t\t\t<\/svg>\n\t\t\t\t\t<\/div>\n                    <div class=\"swiper-button-next\">\n\t\t\t\t\t\t<svg xmlns=\"http:\/\/www.w3.org\/2000\/svg\">\n\t\t\t\t\t\t\t<use href=\"#icon-arrow\"><\/use>\n\t\t\t\t\t\t<\/svg>\n\t\t\t\t\t<\/div>\n                <\/div>\n\t\t\t\t<div class=\"photos-swiper-thumbs swiper select-none\">\n\t\t\t\t\t<div class=\"swiper-wrapper\"><\/div>\n\t\t\t\t<\/div>\n            <\/div>\n        <\/div>\n    <\/div>\n    <form method=\"dialog\" class=\"modal-backdrop\">\n        <button>close<\/button>\n    <\/form>\n<\/dialog>\n\n\n\n<a class=\"gb-text gb-text-54ada2c0\" href=\"https:\/\/viagemalemanha.com\/es\/testimonios-de-nuestros-viajeros\/\">Saber m\u00e1s<\/a>\n<\/div>\n<\/div>\n<\/section>\n\n<div class=\"gb-element-b83427ca\">\n<div class=\"gb-element-282db1c5\">\n<h2 class=\"gb-text gb-text-e864f4e4\">Insp\u00edrese con nuestro blog<\/h2>\n\n\n\n<div class=\"gb-element-1170784d\">\n\n<div id=\"post-type-loop-block_566dd854596aad7bb129046fc14d079d\" class=\"post-type-loop onserp-block featured-list lg:grid lg:grid-cols-12 gap-8\" data-instance=\"fl-block_566dd8-post\" data-always-swiper=\"0\">\n            <!-- Featured post (left side) -->\n        <div class=\"col-span-6 mb-4 lg:mb-0 featured-post flex\">\n            \n <article id=\"post-72643\" class=\"post-item flex lg:flex-row flex-col bg-white post-72643 post type-post status-publish format-standard hentry category-sin-categoria category-lo-mejor-de-alemania\" role=\"article\" itemscope itemtype=\"https:\/\/schema.org\/TouristDestination\">\n\t <div class=\"w-full lg:w-1\/2 h-72 lg:h-96\" aria-hidden=\"true\">\n\t\t \t <\/div>\n\t <div class=\"w-full py-4 lg:py-0 lg:px-4 flex-1 flex flex-col justify-between\">\n\t\t <h3 class=\"text-xl lg:text-2xl mb-4 text-secondary\" itemprop=\"name\">Lo mejor de Nordrhein-Westfalen: cultura, industria y arte moderna<\/h3>\n\n\t\t \t\t\t <div class=\"mb-4 text-light-foreground\">\n\t\t\t\t Renania del Norte-Westfalia re\u00fane un tipo de viaje que funciona bien para quienes les gusta la ciudad. Es una regi\u00f3n en la que cambias de escenario en pocos minutos, con&#8230;\t\t\t <\/div>\n\t\t \n\t\t <div class=\"inline-flex\">\n\t\t\t <a class=\"button button-light \" href=\"https:\/\/viagemalemanha.com\/es\/el-mejor-de-nordrhein-westfalen\/\" aria-label=\"Saiba mais sobre Lo mejor de Nordrhein-Westfalen: cultura, industria y arte moderna\" itemprop=\"mainEntityOfPage\">\n\t\t\t\t Saber m\u00e1s\t\t\t <\/a>\n\t\t <\/div>\n\n\t\t \n\t <\/div>\n <\/article>\n        <\/div>\n    \n    <!-- Other posts (right side) -->\n    <div class=\"col-span-6 secondary-posts-container flex\">\n        <div class=\"grid grid-cols-1 gap-4 secondary-posts\">\n                            \n <article id=\"post-72644\" class=\"post-item flex lg:flex-row bg-white post-72644 post type-post status-publish format-standard has-post-thumbnail hentry category-sin-categoria category-lo-mejor-de-alemania\" role=\"article\" itemscope itemtype=\"https:\/\/schema.org\/TouristDestination\">\n\t <div class=\" w-28 h-28\" aria-hidden=\"true\">\n\t\t <img decoding=\"async\" width=\"768\" height=\"511\" src=\"https:\/\/viagemalemanha.com\/wp-content\/uploads\/2026\/01\/vineyards-4666055_1280-768x511.jpg\" class=\"w-full h-full object-cover wp-post-image\" alt=\"Lo mejor de Rheinland-Pfalz: vinos, castillos y el Valle del Rin\" itemprop=\"image\" srcset=\"https:\/\/viagemalemanha.com\/wp-content\/uploads\/2026\/01\/vineyards-4666055_1280-768x511.jpg 768w, https:\/\/viagemalemanha.com\/wp-content\/uploads\/2026\/01\/vineyards-4666055_1280-300x200.jpg 300w, https:\/\/viagemalemanha.com\/wp-content\/uploads\/2026\/01\/vineyards-4666055_1280-1024x682.jpg 1024w, https:\/\/viagemalemanha.com\/wp-content\/uploads\/2026\/01\/vineyards-4666055_1280.jpg 1280w\" sizes=\"(max-width: 768px) 100vw, 768px\" \/>\t <\/div>\n\t <div class=\"w-full px-4 flex-1 flex flex-col justify-between\">\n\t\t <h3 class=\" mb-4 text-secondary\" itemprop=\"name\">Lo mejor de Rheinland-Pfalz: vinos, castillos y el Valle del Rin<\/h3>\n\n\t\t \n\t\t <div class=\"inline-flex\">\n\t\t\t <a class=\"button button-light button-small\" href=\"https:\/\/viagemalemanha.com\/es\/lo-mejor-de-rheinland-pfalz\/\" aria-label=\"Saiba mais sobre Lo mejor de Rheinland-Pfalz: vinos, castillos y el Valle del Rin\" itemprop=\"mainEntityOfPage\">\n\t\t\t\t Saber m\u00e1s\t\t\t <\/a>\n\t\t <\/div>\n\n\t\t \n\t <\/div>\n <\/article>\n                            \n <article id=\"post-53651\" class=\"post-item flex lg:flex-row bg-white post-53651 post type-post status-publish format-standard has-post-thumbnail hentry category-sin-categoria category-lo-mejor-de-alemania\" role=\"article\" itemscope itemtype=\"https:\/\/schema.org\/TouristDestination\">\n\t <div class=\" w-28 h-28\" aria-hidden=\"true\">\n\t\t <img decoding=\"async\" width=\"768\" height=\"512\" src=\"https:\/\/viagemalemanha.com\/wp-content\/uploads\/2026\/01\/saarland-7411347_1280-768x512.jpg\" class=\"w-full h-full object-cover wp-post-image\" alt=\"Lo mejor de Sarre: naturaleza, fronteras y encanto franc\u00e9s\" itemprop=\"image\" srcset=\"https:\/\/viagemalemanha.com\/wp-content\/uploads\/2026\/01\/saarland-7411347_1280-768x512.jpg 768w, https:\/\/viagemalemanha.com\/wp-content\/uploads\/2026\/01\/saarland-7411347_1280-300x200.jpg 300w, https:\/\/viagemalemanha.com\/wp-content\/uploads\/2026\/01\/saarland-7411347_1280-1024x682.jpg 1024w, https:\/\/viagemalemanha.com\/wp-content\/uploads\/2026\/01\/saarland-7411347_1280.jpg 1280w\" sizes=\"(max-width: 768px) 100vw, 768px\" \/>\t <\/div>\n\t <div class=\"w-full px-4 flex-1 flex flex-col justify-between\">\n\t\t <h3 class=\" mb-4 text-secondary\" itemprop=\"name\">Lo mejor de Sarre: naturaleza, fronteras y encanto franc\u00e9s<\/h3>\n\n\t\t \n\t\t <div class=\"inline-flex\">\n\t\t\t <a class=\"button button-light button-small\" href=\"https:\/\/viagemalemanha.com\/es\/lo-mejor-de-sarre-naturaleza-fronteras-y-encanto-frances\/\" aria-label=\"Saiba mais sobre Lo mejor de Sarre: naturaleza, fronteras y encanto franc\u00e9s\" itemprop=\"mainEntityOfPage\">\n\t\t\t\t Saber m\u00e1s\t\t\t <\/a>\n\t\t <\/div>\n\n\t\t \n\t <\/div>\n <\/article>\n                            \n <article id=\"post-53654\" class=\"post-item flex lg:flex-row bg-white post-53654 post type-post status-publish format-standard has-post-thumbnail hentry category-sin-categoria category-lo-mejor-de-alemania\" role=\"article\" itemscope itemtype=\"https:\/\/schema.org\/TouristDestination\">\n\t <div class=\" w-28 h-28\" aria-hidden=\"true\">\n\t\t <img decoding=\"async\" width=\"768\" height=\"512\" src=\"https:\/\/viagemalemanha.com\/wp-content\/uploads\/2026\/01\/swabian-alb-2721017_1280-768x512.jpg\" class=\"w-full h-full object-cover wp-post-image\" alt=\"Lo mejor de Baden-W\u00fcrttemberg: Selva Negra, castillos e innovaci\u00f3n\" itemprop=\"image\" srcset=\"https:\/\/viagemalemanha.com\/wp-content\/uploads\/2026\/01\/swabian-alb-2721017_1280-768x512.jpg 768w, https:\/\/viagemalemanha.com\/wp-content\/uploads\/2026\/01\/swabian-alb-2721017_1280-300x200.jpg 300w, https:\/\/viagemalemanha.com\/wp-content\/uploads\/2026\/01\/swabian-alb-2721017_1280-1024x682.jpg 1024w, https:\/\/viagemalemanha.com\/wp-content\/uploads\/2026\/01\/swabian-alb-2721017_1280.jpg 1280w\" sizes=\"(max-width: 768px) 100vw, 768px\" \/>\t <\/div>\n\t <div class=\"w-full px-4 flex-1 flex flex-col justify-between\">\n\t\t <h3 class=\" mb-4 text-secondary\" itemprop=\"name\">Lo mejor de Baden-W\u00fcrttemberg: Selva Negra, castillos e innovaci\u00f3n<\/h3>\n\n\t\t \n\t\t <div class=\"inline-flex\">\n\t\t\t <a class=\"button button-light button-small\" href=\"https:\/\/viagemalemanha.com\/es\/lo-mejor-de-baden-wurttemberg-selva-negra-castillos-e-innovacion\/\" aria-label=\"Saiba mais sobre Lo mejor de Baden-W\u00fcrttemberg: Selva Negra, castillos e innovaci\u00f3n\" itemprop=\"mainEntityOfPage\">\n\t\t\t\t Saber m\u00e1s\t\t\t <\/a>\n\t\t <\/div>\n\n\t\t \n\t <\/div>\n <\/article>\n                    <\/div>\n\n        <!-- Controles de navega\u00e7\u00e3o para o swiper (vis\u00edveis apenas quando o swiper estiver ativo) -->\n        <div class=\"navigation-controls hidden select-none\" data-instance=\"fl-block_566dd8-post\">\n            <div class=\"absolute flex bottom-0 left-0 h-[var(--swiper-navigation-size)] \">\n                <div class=\"swiper-button-prev nav-prev-fl-block_566dd8-post\">\n                    <svg class=\"transform rotate-180 text-secondary\" xmlns=\"http:\/\/www.w3.org\/2000\/svg\">\n                        <use href=\"#icon-arrow\"><\/use>\n                    <\/svg>\n                <\/div>\n                <div class=\"swiper-button-next nav-next-fl-block_566dd8-post\">\n                    <svg class=\"text-secondary\" xmlns=\"http:\/\/www.w3.org\/2000\/svg\">\n                        <use href=\"#icon-arrow\"><\/use>\n                    <\/svg>\n                <\/div>\n            <\/div>\n        <\/div>\n    <\/div>\n<\/div>\n\n<\/div>\n<\/div>\n<\/div>\n","protected":false},"featured_media":53720,"template":"","service_category":[],"class_list":["post-53729","servico","type-servico","status-publish","has-post-thumbnail","hentry"],"acf":[],"_links":{"self":[{"href":"https:\/\/viagemalemanha.com\/es\/wp-json\/wp\/v2\/servico\/53729","targetHints":{"allow":["GET"]}}],"collection":[{"href":"https:\/\/viagemalemanha.com\/es\/wp-json\/wp\/v2\/servico"}],"about":[{"href":"https:\/\/viagemalemanha.com\/es\/wp-json\/wp\/v2\/types\/servico"}],"wp:featuredmedia":[{"embeddable":true,"href":"https:\/\/viagemalemanha.com\/es\/wp-json\/wp\/v2\/media\/53720"}],"wp:attachment":[{"href":"https:\/\/viagemalemanha.com\/es\/wp-json\/wp\/v2\/media?parent=53729"}],"wp:term":[{"taxonomy":"service_category","embeddable":true,"href":"https:\/\/viagemalemanha.com\/es\/wp-json\/wp\/v2\/service_category?post=53729"}],"curies":[{"name":"wp","href":"https:\/\/api.w.org\/{rel}","templated":true}]}}